{"version":"1.0","provider_name":"Balkonada","provider_url":"https:\/\/balkonada.cafeblog.hu","author_name":"Jucooo","author_url":"https:\/\/balkonada.cafeblog.hu\/author\/nagyjucoviragutazo-hu\/","title":"Ezzel kezdd a tavaszi kert\u00e9szked\u00e9st","html":"<p><em><strong>Ha lassan is, de hamarosan meg\u00e9rkezik a tavasz. B\u00e1r m\u00e9g el\u00e9g sz\u00fcrk\u00e9k \u00e9s cs\u00edp\u0151sek a reggelek, de a napk\u00f6zbeni naps\u00fct\u00e9s m\u00e1r kicsalogatja a kert\u00e9szked\u0151ket a kertbe. N\u00e9zz\u00fck, mivel kezdj\u00fck a munk\u00e1kat!<\/strong><\/em><\/p>\r\n<p>&nbsp;<\/p>\r\n<p><img class=\"aligncenter size-large wp-image-16420\" src=\"https:\/\/balkonada.cafeblog.hu\/files\/2017\/02\/tavasz_079-600x450.jpg\" alt=\"\" width=\"600\" height=\"450\" \/><\/p>\r\n<p>&nbsp;<\/p>\r\n<p>&nbsp;<\/p>\r\n<p>\"Az idei t\u00e9l igen sz\u00e9ls\u0151s\u00e9ges k\u00e9pet mutatott csapad\u00e9k \u00e9s h\u0151m\u00e9rs\u00e9klet tekintet\u00e9ben.<\/p>\r\n<h2><strong>Mit k\u00f6sz\u00f6nhet\u00fcnk a hossz\u00fa t\u00e9lnek?<\/strong><\/h2>\r\n<p>A kitart\u00f3 m\u00ednuszok nagy seg\u00edts\u00e9g\u00fcnkre voltak, mert a k\u00e1rtev\u0151k \u00e9s k\u00f3rokoz\u00f3k felszaporodott \u00e1llom\u00e1ny\u00e1t v\u00e9gre megtizedelte a t\u00f6bbhetes fagy.\u00a0Vagyis el\u0151ny\u00f6s sz\u00e1munkra ez a hideg t\u00e9l, mert sokkal kevesebb rovark\u00e1rtev\u0151 ellen kell v\u00e9dekezn\u00fcnk tavaszt\u00f3l (hisz a m\u00e9rgek kipermetez\u00e9s\u00e9t\u0151l ink\u00e1bb t\u00e1vol szeretn\u00e9nk magunkat \u00e9s a kertjeinket is tartani). Ez az\u00e9rt is j\u00f3 nek\u00fcnk, mert az elm\u00falt k\u00e9t \u00e9vben olyan k\u00e1rtev\u0151k is t\u00f6megesen megjelentek, amelyek ezel\u0151tt nem voltak jellemz\u0151ek Magyarorsz\u00e1g eg\u00e9sz ter\u00fclet\u00e9re (pl. amerikai lepkekab\u00f3ca, puszp\u00e1ngmoly, harlekinkatica\u2026).<\/p>\r\n<p>Hideg t\u00e9l ide vagy oda, kora tavasszal tal\u00e1lkozhatunk lev\u00e9ltetvekkel, amelyek a semmib\u0151l bukkannak el\u0151, \u00e9s sz\u00edvogatj\u00e1k kedvenc vir\u00e1gaink hajt\u00e1s\u00e1t. N\u00e9h\u00e1ny n\u00f6v\u00e9ny miatt nem sz\u00edvesen ny\u00falunk permetez\u0151\u00e9rt azonnal, de ha m\u00e9gis elej\u00e9t szeretn\u00e9nk venni a lev\u00e9ltetvek sz\u00edvogat\u00e1s\u00e1nak, akkor csak a <a href=\"http:\/\/kertfuvesites.hu\/Vitaflora-novenytisztito-permet-leveltetvek-pajzstetvek-atkak-ellen\/termek\/57\/\" target=\"_blank\"><strong>n\u00f6v\u00e9nytiszt\u00edt\u00f3 sprayt<\/strong><\/a> kapjuk el\u0151, ami bio szer, \u00e9s ak\u00e1r lekv\u00e1ros \u00fcveg mellett is lehet tartani a kamr\u00e1ban. \u00c9n ezzel a n\u00f6v\u00e9nytiszt\u00edt\u00f3val szoktam a szoban\u00f6v\u00e9nyeimet is lef\u00fajni, ha sz\u00fcks\u00e9ges.<\/p>\r\n<p>Azonban van h\u00e1tr\u00e1nya is ennek a t\u00e9lnek, amellyel m\u00e1r h\u00f3olvad\u00e1s ut\u00e1n szembes\u00fclhett\u00fcnk a f\u00fcves kertekben, hisz az alacsony h\u0151m\u00e9rs\u00e9klet hat\u00e1s\u00e1ra a z\u00f6ld gyep sz\u00edne fak\u00f3 s\u00e1rg\u00e1ra v\u00e1ltozott.<\/p>\r\n<p>Tipikus jelens\u00e9g ez sokfel\u00e9, mert az \u0151szi t\u00e1panyagoz\u00e1s elmarad\u00e1sa, vagy a t\u00e9li felk\u00e9sz\u00edt\u00e9s kihagy\u00e1sa ezt eredm\u00e9nyezi. Ebb\u0151l nagyon neh\u00e9z a gyepet igazi z\u00f6ldd\u00e9 var\u00e1zsolni, de nem lehetetlen. A t\u00e9l v\u00e9gi gy\u00f6ny\u00f6r\u0171 naps\u00fct\u00e9ses napok arra biztatnak benn\u00fcnket, hogy valamit azonnal tegy\u00fcnk a pozit\u00edv l\u00e1tv\u00e1ny \u00e9rdek\u00e9ben. Azonban a kapkod\u00e1snak soha nincs kedvez\u0151 eredm\u00e9nye, \u00edgy ebben az esetben se fogjunk neki azonnal t\u00e1panyagozni vagy gyepet szell\u0151ztetni!<\/p>\r\n<p>A tenni v\u00e1gy\u00e1sunkat korl\u00e1tozzuk a f\u00e1k \u00e9s a bokrok metsz\u00e9s\u00e9re, takar\u00edtsuk ki bel\u00fclr\u0151l a tuj\u00e1kat, lemos\u00f3 permez\u00e9seket csin\u00e1ljuk meg, \u00e9s v\u00e1rjunk az igazi tavaszi felmeleged\u00e9s meg\u00e9rkezt\u00e9re.<\/p>\r\n<h2>T\u00e9l v\u00e9gi teend\u0151k a f\u0171vel<\/h2>\r\n<p>Ilyenkor t\u00e9l v\u00e9ge fel\u00e9, amit m\u00e9g tehet\u00fcnk a gyep \u00e9rdek\u00e9ben az, hogy t\u00fczetesen \u00e1tvizsg\u00e1ljuk a f\u0171\u00e1llom\u00e1nyt, \u00e9s s\u00e1rg\u00e1s, barn\u00e1s, r\u00f3zsasz\u00ednszer\u0171 foltok, pettyek eset\u00e9ben gombabetegs\u00e9gre gyanakodva a n\u00f6v\u00e9nyv\u00e9delmi permetez\u00e9snek nekik\u00e9sz\u00fcl\u00fcnk: beszerezz\u00fck a Ridomil Gold Plusz + Topas k\u00e9sz\u00edtm\u00e9nyeket \u00e9s a <strong><a href=\"http:\/\/kertfuvesites.hu\/Trainer-aminosav-bazisu-leveltragya\/termek\/166\/\" target=\"_blank\">Trainer lombtr\u00e1gy\u00e1t<\/a>.\u00a0<\/strong><\/p>\r\n<p>Amikor a nappali h\u0151m\u00e9rs\u00e9klet el\u00e9ri a 12 C <sup>o<\/sup> \u2013ot (d\u00e9li \u00f3r\u00e1k k\u00f6rny\u00e9k\u00e9n, \u00e9s ak\u00e1r febru\u00e1r v\u00e9g\u00e9n is lehet erre lehet\u0151s\u00e9g), azonnal lepermetezhetj\u00fck a gyepet. Ezt \u00e9n az\u00e9rt tartom fontosnak, hogy a v\u00e9gleges felmeleged\u00e9s meg\u00e9rkez\u00e9se el\u0151tt a betegs\u00e9g k\u00e9pletei ne v\u00e1ndoroljanak el a l\u00e1bunkkal kert\u00fcnk minden szeglet\u00e9be (el\u0151kert, utcai r\u00e9sz, h\u00e1ts\u00f3 kert).<\/p>\r\n<h2>Kerti t\u00e1rol\u00f3 vizit<\/h2>\r\n<p>A kerti szersz\u00e1most is \u00e9rdemes \u00e1tlelt\u00e1rozni, \u00edgy a g\u00e9pparkot is \u00e1tvizsg\u00e1lni, \u00e1tszervizelni. Amennyiben \u0151sszel gondoskodtunk a g\u00e9pek teleltet\u00e9s\u00e9r\u0151l, sok munk\u00e1nk ilyenkor nincs, amellett, hogy leellen\u0151rizhetj\u00fck a g\u00e9pek m\u0171k\u00f6d\u0151k\u00e9pess\u00e9g\u00e9t.<\/p>\r\n<p>Ami legt\u00f6bbsz\u00f6r el szokott maradni tavaszig, az a <a href=\"http:\/\/kertfuvesites.hu\/Nem-eleg-a-funyiro-kest-csak-egyszer-megelesiteni-tavasszal\/cikk\/231\/\" target=\"_blank\"><strong>f\u0171ny\u00edr\u00f3 k\u00e9sek meg\u00e9lez\u00e9se<\/strong><\/a>. Van, amikor m\u00e1r az \u00e9lez\u00e9s sem seg\u00edt a f\u0171 rojtmentes v\u00e1g\u00e1s\u00e1ban, ez\u00e9rt tudom\u00e1sul kell venn\u00fcnk, hogy a f\u0171ny\u00edr\u00f3 k\u00e9seknek is van egy \u00e9lettartama. A nagyobb gyepek (1000-1500 m<sup>2<\/sup>) v\u00e1g\u00e1sa eset\u00e9n \u00e9rdemes minden \u00e9vben lecser\u00e9lni a f\u0171ny\u00edr\u00f3 k\u00e9seket. Ez nem j\u00e1r nagy k\u00f6lts\u00e9ggel (p\u00e1r ezer forint), ink\u00e1bb a nekik\u00e9sz\u00fcl\u00e9s, beszerz\u00e9s a nagyobb feladat.\"<\/p>\r\n<p>Ma tan\u00e1csainkat\u00a0Moln\u00e1r \u2013 G\u00e1bor \u00c9va, f\u00fcvesasszonynak k\u00f6sz\u00f6nhetj\u00fck!<\/p>\r\n<p>A szerz\u0151vel k\u00e9sz\u00edtett interj\u00famat itt olvashatod:<\/p>\r\n<p>https:\/\/balkonada.cafeblog.hu\/2017\/03\/06\/a-fuvesasszony-aki-elott-nincs-lehetetlen-ha-furol-van-szo\/<\/p>\r\n<p>&nbsp;<\/p>\r\n<h3><strong>Tov\u00e1bbi olvasnival\u00f3k hasonl\u00f3 t\u00e9m\u00e1ban:\u00a0<\/strong><\/h3>\r\n<p>&#x1f337;\u00a0<strong><a href=\"https:\/\/balkonada.cafeblog.hu\/2017\/02\/10\/igy-lesz-egesz-evben-szep-fuved\/\" target=\"_blank\">\u00cdgy lesz eg\u00e9sz \u00e9vben sz\u00e9p f\u00fcved<\/a><\/strong><\/p>\r\n<p>&#x1f337;\u00a0<strong><a href=\"https:\/\/balkonada.cafeblog.hu\/2017\/02\/06\/ezt-tedd-ha-minden-osszeeskuszik-a-gyep-ellen\/\" target=\"_blank\">Ezt tedd, ha minden \u00f6sszeesk\u00fcszik a f\u0171 ellen<\/a><\/strong><\/p>\r\n<p>&#x1f337;\u00a0<strong><a href=\"https:\/\/balkonada.cafeblog.hu\/2015\/03\/02\/balkonnovenyek-metszesenek-fortelyai\/\" target=\"_blank\">Balkonn\u00f6v\u00e9nyek metsz\u00e9s\u00e9nek fort\u00e9lyai<\/a><\/strong><\/p>\r\n<p>&#x1f337;\u00a0<strong><a href=\"https:\/\/balkonada.cafeblog.hu\/2014\/09\/15\/kerteszkedjunk-gyerekekkel\/\" target=\"_blank\">Kert\u00e9szkedj\u00fcnk gyerekekkel<\/a><\/strong><\/p>\r\n<p>&#x1f337;\u00a0<a href=\"https:\/\/balkonada.cafeblog.hu\/2015\/02\/03\/kezdo-kerteszkedok-tizparancsolata\/\" target=\"_blank\"><strong>Kezd\u0151 kert\u00e9szked\u0151k t\u00edzparancsolata<\/strong><\/a><\/p>","type":"rich","thumbnail_url":"https:\/\/balkonada.cafeblog.hu\/files\/2017\/02\/tavasz_079-150x150.jpg","thumbnail_width":150,"thumbnail_height":150}