{"version":"1.0","provider_name":"Balkonada","provider_url":"https:\/\/balkonada.cafeblog.hu","author_name":"Jucooo","author_url":"https:\/\/balkonada.cafeblog.hu\/author\/nagyjucoviragutazo-hu\/","title":"T\u00e9likert a lak\u00e1sban","html":"<p><strong>Nincs az a n\u00f6v\u00e9nybar\u00e1t, akinek legal\u00e1bb egyszer ne fordulna meg a fej\u00e9ben, milyen j\u00f3 is lenne egy t\u00e9likert. Legide\u00e1lisabb, ha a t\u00e9likert a h\u00e1z szerves r\u00e9sze, azaz m\u00e9g t\u00e9len sem kell kil\u00e9pni a lak\u00e1sb\u00f3l, hogy \u00e9lvezhess\u00fck a nyugtat\u00f3 \u00e9s sz\u00e9ps\u00e9ges term\u00e9szet k\u00f6zels\u00e9g\u00e9t.\u00a0<\/strong><\/p>\r\n<p>&nbsp;<\/p>\r\n[caption id=\"attachment_11520\" align=\"aligncenter\" width=\"600\"]<a href=\"https:\/\/balkonada.cafeblog.hu\/files\/2016\/01\/t\u00e9li6_szab\u00f3-Alad\u00e1r.jpg\"><img class=\"wp-image-11520 size-large\" src=\"https:\/\/balkonada.cafeblog.hu\/files\/2016\/01\/t\u00e9li6_szab\u00f3-Alad\u00e1r-600x450.jpg\" alt=\"t\u00e9li6_szab\u00f3 Alad\u00e1r\" width=\"600\" height=\"450\" \/><\/a> Szab\u00f3 Alad\u00e1r Ali-B\u00e1[\/caption]\r\n<p>&nbsp;<\/p>\r\n<p>T\u00e9likertre\u00a0nem csak egy k\u00fcl\u00f6n \u00e9p\u00fclet felh\u00faz\u00e1s\u00e1val tehet\u00fcnk szert. A megl\u00e9v\u0151 <strong><a href=\"https:\/\/balkonada.cafeblog.hu\/2015\/11\/02\/bubajos-beepitett-balkonok\/\" target=\"_blank\" rel=\"noopener\">terasz vagy az erk\u00e9ly be\u00e9p\u00edt\u00e9s\u00e9vel<\/a><\/strong> is gy\u00f6ny\u00f6r\u0171, n\u00f6v\u00e9nyekkel d\u00fasan be\u00fcltetett teret nyerhet\u00fcnk.\u00a0A konyh\u00e1b\u00f3l ny\u00edl\u00f3 t\u00e9likerttel kellemes reggeliz\u0151- \u00e9s k\u00e1v\u00e9z\u00f3sarkunk lehet,\u00a0ami kedvenc\u00a0f\u0171szern\u00f6v\u00e9nyeinek is otthont adhat.\u00a0A t\u00e9likertben a n\u00f6v\u00e9nyek mellett a tulajdonos is j\u00f3l \u00e9rzi mag\u00e1t. A 20 fok alatti h\u0151m\u00e9rs\u00e9kletet \u00e9s p\u00e1r\u00e1s leveg\u0151k a n\u00f6v\u00e9nyek t\u00f6bbs\u00e9ge im\u00e1dja \u00e9s burj\u00e1nz\u00e1ssal h\u00e1l\u00e1lja meg.<\/p>\r\n<p>\"Sokat \u00fcl\u00f6k \u00e9n is itt, csak h\u00e1ttal a t\u00e9likertnek a sz\u00e1m\u00edt\u00f3g\u00e9pn\u00e9l. A monitor f\u00f6l\u00f6tt egy nagy t\u00fck\u00f6r van \u00e9s ha f\u00f6l\u00e9 n\u00e9zek, ezt l\u00e1tom.\" - komment\u00e1lta\u00a0Szab\u00f3 Alad\u00e1r Ali-B\u00e1.<\/p>\r\n<p>&nbsp;<\/p>\r\n[caption id=\"attachment_11521\" align=\"aligncenter\" width=\"600\"]<a href=\"https:\/\/balkonada.cafeblog.hu\/files\/2016\/01\/t\u00e9li7_szab\u00f3-Alad\u00e1r.jpg\"><img class=\"wp-image-11521 size-large\" src=\"https:\/\/balkonada.cafeblog.hu\/files\/2016\/01\/t\u00e9li7_szab\u00f3-Alad\u00e1r-600x450.jpg\" alt=\"t\u00e9li7_szab\u00f3 Alad\u00e1r\" width=\"600\" height=\"450\" \/><\/a> Szab\u00f3 Alad\u00e1r Ali-B\u00e1[\/caption]\r\n<p>&nbsp;<\/p>\r\n<p>A k\u00e9t ablak\u00fcveg k\u00f6z\u00e9 helyezett vir\u00e1gok szint\u00e9n t\u00e9likertben \u00e9rzik magukat.\u00a0<\/p>\r\n<p>&nbsp;<\/p>\r\n[caption id=\"attachment_11515\" align=\"aligncenter\" width=\"450\"]<a href=\"https:\/\/balkonada.cafeblog.hu\/files\/2016\/01\/t\u00e9li1_Pint\u00e9r-M\u00e1rta.jpg\"><img class=\"wp-image-11515 size-large\" src=\"https:\/\/balkonada.cafeblog.hu\/files\/2016\/01\/t\u00e9li1_Pint\u00e9r-M\u00e1rta-450x600.jpg\" alt=\"t\u00e9li1_Pint\u00e9r M\u00e1rta\" width=\"450\" height=\"600\" \/><\/a> Pint\u00e9r M\u00e1rta[\/caption]\r\n<p>&nbsp;<\/p>\r\n[caption id=\"attachment_11516\" align=\"aligncenter\" width=\"450\"]<a href=\"https:\/\/balkonada.cafeblog.hu\/files\/2016\/01\/t\u00e9li2_Pint\u00e9r-M\u00e1rta.jpg\"><img class=\"wp-image-11516 size-large\" src=\"https:\/\/balkonada.cafeblog.hu\/files\/2016\/01\/t\u00e9li2_Pint\u00e9r-M\u00e1rta-450x600.jpg\" alt=\"t\u00e9li2_Pint\u00e9r M\u00e1rta\" width=\"450\" height=\"600\" \/><\/a> Pint\u00e9r M\u00e1rta[\/caption]\r\n<p>&nbsp;<\/p>\r\n<p>A h\u0171v\u00f6s kedvel\u0151 <strong><a href=\"https:\/\/balkonada.cafeblog.hu\/2015\/01\/03\/igy-gondozd-a-ciklament\/\" target=\"_blank\" rel=\"noopener\">cikl\u00e1menek<\/a><\/strong>\u00a0hosszan tart\u00f3 vir\u00e1goz\u00e1ssal cs\u00e1b\u00edtanak.<\/p>\r\n<p>&nbsp;<\/p>\r\n[caption id=\"attachment_11519\" align=\"aligncenter\" width=\"600\"]<a href=\"https:\/\/balkonada.cafeblog.hu\/files\/2016\/01\/t\u00e9li5_Pint\u00e9r-M\u00e1rta.jpg\"><img class=\"wp-image-11519 size-large\" src=\"https:\/\/balkonada.cafeblog.hu\/files\/2016\/01\/t\u00e9li5_Pint\u00e9r-M\u00e1rta-600x450.jpg\" alt=\"t\u00e9li5_Pint\u00e9r M\u00e1rta\" width=\"600\" height=\"450\" \/><\/a> Pint\u00e9r M\u00e1rta[\/caption]\r\n<p>&nbsp;<\/p>\r\n<p>A <strong><a href=\"https:\/\/balkonada.cafeblog.hu\/2015\/11\/18\/klivia-gondozasa\/\" target=\"_blank\" rel=\"noopener\">kl\u00edvia<\/a><\/strong> vir\u00e1gainak el\u0151b\u00faj\u00e1s\u00e1hoz hideg hat\u00e1sra van sz\u00fcks\u00e9g.\u00a0<\/p>\r\n<p>&nbsp;<\/p>\r\n[caption id=\"attachment_11522\" align=\"aligncenter\" width=\"400\"]<a href=\"https:\/\/balkonada.cafeblog.hu\/files\/2016\/01\/t\u00e9li8_kiss-S\u00e1ndorn\u00e9.jpg\"><img class=\"wp-image-11522 size-large\" src=\"https:\/\/balkonada.cafeblog.hu\/files\/2016\/01\/t\u00e9li8_kiss-S\u00e1ndorn\u00e9-400x600.jpg\" alt=\"t\u00e9li8_kiss S\u00e1ndorn\u00e9\" width=\"400\" height=\"600\" \/><\/a> Kiss S\u00e1ndorn\u00e9[\/caption]\r\n<p>&nbsp;<\/p>\r\n<p>A tavaszi hagym\u00e1sok v\u00edgan s\u00fctk\u00e9reznek az ablakon \u00e1tsz\u0171r\u0151d\u0151 napf\u00e9nyben.\u00a0<\/p>\r\n<p>&nbsp;<\/p>\r\n[caption id=\"attachment_11517\" align=\"aligncenter\" width=\"600\"]<a href=\"https:\/\/balkonada.cafeblog.hu\/files\/2016\/01\/t\u00e9li3_Pint\u00e9r-M\u00e1rta.jpg\"><img class=\"wp-image-11517 size-large\" src=\"https:\/\/balkonada.cafeblog.hu\/files\/2016\/01\/t\u00e9li3_Pint\u00e9r-M\u00e1rta-600x450.jpg\" alt=\"t\u00e9li3_Pint\u00e9r M\u00e1rta\" width=\"600\" height=\"450\" \/><\/a> Pint\u00e9r M\u00e1rta[\/caption]\r\n<p>&nbsp;<\/p>\r\n[caption id=\"attachment_11518\" align=\"aligncenter\" width=\"600\"]<a href=\"https:\/\/balkonada.cafeblog.hu\/files\/2016\/01\/t\u00e9li4_Pint\u00e9r-M\u00e1rta.jpg\"><img class=\"wp-image-11518 size-large\" src=\"https:\/\/balkonada.cafeblog.hu\/files\/2016\/01\/t\u00e9li4_Pint\u00e9r-M\u00e1rta-600x450.jpg\" alt=\"t\u00e9li4_Pint\u00e9r M\u00e1rta\" width=\"600\" height=\"450\" \/><\/a> Pint\u00e9r M\u00e1rta[\/caption]\r\n<p>&nbsp;<\/p>\r\n[caption id=\"attachment_11524\" align=\"aligncenter\" width=\"450\"]<a href=\"https:\/\/balkonada.cafeblog.hu\/files\/2016\/01\/t\u00e9li10_T\u00f3di-Szab\u00f3-Erzs\u00e9bet.jpg\"><img class=\"wp-image-11524 size-large\" src=\"https:\/\/balkonada.cafeblog.hu\/files\/2016\/01\/t\u00e9li10_T\u00f3di-Szab\u00f3-Erzs\u00e9bet-450x600.jpg\" alt=\"t\u00e9li10_T\u00f3di Szab\u00f3 Erzs\u00e9bet\" width=\"450\" height=\"600\" \/><\/a> T\u00f3di Szab\u00f3 Erzs\u00e9bet[\/caption]\r\n<p>&nbsp;<\/p>\r\n<p>Az <strong><a href=\"https:\/\/balkonada.cafeblog.hu\/2015\/11\/27\/orchideak-teli-gondozasa\/\" target=\"_blank\" rel=\"noopener\">orchide\u00e1k<\/a><\/strong> im\u00e1dj\u00e1k a t\u00e9likertek napf\u00e9nyes \u00e9s p\u00e1rad\u00fas leveg\u0151j\u00e9t.<\/p>\r\n<p>&nbsp;<\/p>\r\n[caption id=\"attachment_11523\" align=\"aligncenter\" width=\"450\"]<a href=\"https:\/\/balkonada.cafeblog.hu\/files\/2016\/01\/t\u00e9li9_Bar\u00e1th-Bogl\u00e1rka.jpg\"><img class=\"wp-image-11523 size-large\" src=\"https:\/\/balkonada.cafeblog.hu\/files\/2016\/01\/t\u00e9li9_Bar\u00e1th-Bogl\u00e1rka-450x600.jpg\" alt=\"t\u00e9li9_Bar\u00e1th Bogl\u00e1rka\" width=\"450\" height=\"600\" \/><\/a> Bar\u00e1th Bogl\u00e1rka[\/caption]\r\n<p>&nbsp;<\/p>\r\n[caption id=\"attachment_11525\" align=\"aligncenter\" width=\"600\"]<a href=\"https:\/\/balkonada.cafeblog.hu\/files\/2016\/01\/t\u00e9li11_G\u00e1ln\u00e9-Berente-Andrea.jpg\"><img class=\"wp-image-11525 size-large\" src=\"https:\/\/balkonada.cafeblog.hu\/files\/2016\/01\/t\u00e9li11_G\u00e1ln\u00e9-Berente-Andrea-600x450.jpg\" alt=\"t\u00e9li11_G\u00e1ln\u00e9 Berente Andrea\" width=\"600\" height=\"450\" \/><\/a> G\u00e1ln\u00e9 Berente Andrea[\/caption]\r\n<p>&nbsp;<\/p>\r\n<p>K\u00f6sz\u00f6n\u00f6m a fot\u00f3kat az olvas\u00f3knak!<\/p>\r\n<p>Aj\u00e1nlom figyelmedbe a <strong><a href=\"https:\/\/balkonada.cafeblog.hu\/2014\/12\/10\/teli-kert-a-harmadik-emeleten\/\" target=\"_blank\" rel=\"noopener\">harmadik emeleti t\u00e9likertet<\/a><\/strong> \u00e9s a <strong><a href=\"https:\/\/balkonada.cafeblog.hu\/2015\/11\/02\/bubajos-beepitett-balkonok\/\" target=\"_blank\" rel=\"noopener\">be\u00e9p\u00edtett balkonokat<\/a><\/strong> is.<\/p>\r\n<p>Tetszett a cikk? B\u00e1tran oszd meg bar\u00e1taiddal vagy\u00a0l\u00e1jkold a <strong><a title=\"Balkonada Facebook oldal\" href=\"https:\/\/www.facebook.com\/balkonada\" target=\"_blank\" rel=\"noopener\">Balkonada Facebook oldalt<\/a>. \u00a0\u00a0<\/strong><\/p>\r\n<p>Szeretn\u00e9l hasznos tan\u00e1csokat kapni, sz\u00e9p k\u00e9peket n\u00e9zegetni a vir\u00e1gokr\u00f3l? Sz\u00edvesen lenn\u00e9l egy vir\u00e1gim\u00e1d\u00f3, lelkes k\u00f6z\u00f6ss\u00e9gtagja? Csatlakozz a<strong> <a title=\"Burj\u00e1nz\u00f3 balkonok Facebook csoport\" href=\"https:\/\/www.facebook.com\/groups\/balkonada\/\" target=\"_blank\" rel=\"noopener\">Burj\u00e1nz\u00f3 balkonok \u00e9s kertek Facebook csoportunkhoz<\/a><\/strong>!<\/p>\r\n<p>&nbsp;<\/p>","type":"rich","thumbnail_url":"https:\/\/balkonada.cafeblog.hu\/files\/2016\/01\/t\u00e9li6_szab\u00f3-Alad\u00e1r-150x150.jpg","thumbnail_width":150,"thumbnail_height":150}