{"version":"1.0","provider_name":"Balkonada","provider_url":"https:\/\/balkonada.cafeblog.hu","author_name":"Nagy Juc\u00f3","author_url":"https:\/\/balkonada.cafeblog.hu\/author\/nagyjucokagmail-com\/","title":"\u00darnapi vir\u00e1gsz\u0151nyeg Cs\u00f6m\u00f6r\u00f6n","html":"<p><strong>Cs\u00f6m\u00f6r utc\u00e1i a p\u00fcnk\u00f6sd ut\u00e1ni m\u00e1sodik vas\u00e1rnapon, azaz az \u00darnapj\u00e1n h\u0171en a hagyom\u00e1nyokhoz az idei \u00e9vben is vir\u00e1gba borultak. A vir\u00e1gsz\u0151nyeg k\u00e9sz\u00edt\u00e9s megmozgatja a\u00a0Pest megyei nagyk\u00f6zs\u00e9g apraj\u00e1t-nagyj\u00e1t. A t\u00f6bb \u00f3r\u00e1s vir\u00e1ggy\u0171jt\u00e9s \u00e9s \u00a0m\u0171v\u00e9szked\u00e9s j\u00f3l \u00f6sszekov\u00e1csolja az embereket.\u00a0Az eredm\u00e9ny pedig mint mindig, most is csod\u00e1latos lett.<\/strong><\/p>\r\n<p>&nbsp;<\/p>\r\n<p><a href=\"https:\/\/balkonada.cafeblog.hu\/files\/2015\/06\/cs\u00f6m\u00f6r6.jpg\"><img class=\"aligncenter size-large wp-image-7566\" src=\"https:\/\/balkonada.cafeblog.hu\/files\/2015\/06\/cs\u00f6m\u00f6r6-600x398.jpg\" alt=\"cs\u00f6m\u00f6r6\" width=\"600\" height=\"398\" \/><\/a><\/p>\r\n<p>&nbsp;<\/p>\r\n<p>Az \u00fcnneps\u00e9g sorozat m\u00e1r szombaton elkezd\u0151dik. Rengeteg kb. 20 cm koszor\u00fat k\u00e9sz\u00edtenek, amit meg\u00e1ld az atya, majd sz\u00e9tosztj\u00e1k a h\u00edvek k\u00f6z\u00f6tt. Vas\u00e1rnap\u00a0reggel 6-kor mindenki kivonul az utc\u00e1ra \u00e9s megkezd\u0151dik a hatalmas munka. Kr\u00e9tarajzokat k\u00e9sz\u00edtenek, kijel\u00f6lik a sz\u0151nyeg hely\u00e9t \u00e9s\u00a0vir\u00e1gszirmokb\u00f3l, levelekb\u0151l k\u00fcl\u00f6nb\u00f6z\u0151 alakzatokat form\u00e1lnak.\u00a0<\/p>\r\n<p>A n\u00e9gy utc\u00e1n kereszt\u00fcl halad\u00f3, kb. 2 km-es vir\u00e1gsz\u0151nyeg vir\u00e1gainak egy r\u00e9sz\u00e9t v\u00e1s\u00e1rolj\u00e1k, a t\u00f6bbit pedig a kertekb\u0151l, mez\u0151r\u0151l gy\u0171jtik. N\u00e9gy kaput is k\u00e9sz\u00edtenek, egy-egy kapuhoz \u00f6ssze\u00e1ll\u00edt\u00e1s\u00e1hoz kb. 1300 sz\u00e1l szegf\u0171re van sz\u00fcks\u00e9g. Az \u00f6sszefogott munka eredm\u00e9nyek\u00e9nt az \u00fcnnepi mis\u00e9ig \u00f6ssze is \u00e1ll a sz\u0151nyeg. A mise ut\u00e1n indul a k\u00f6rmenet, a pap vezet\u00e9s\u00e9vel a h\u00edvek v\u00e9gig mennek az \u00faton, \u00a0a kapuk\u00e1l meg\u00e1llnak \u00e9s im\u00e1dkoznak.<\/p>\r\n<p>A m\u00e9lt\u00e1n h\u00edres k\u00f6rmenetre az orsz\u00e1g k\u00fcl\u00f6nb\u00f6z\u0151 pontjair\u00f3l \u00e9rkeznek buszos zar\u00e1ndokok.Az idei k\u00f6rmenetet a Duna Tv is k\u00f6zvet\u00edtette \u00e9s hamarosan m\u0171sor\u00e1ra t\u0171zi.\u00a0<\/p>\r\n<p>&nbsp;<\/p>\r\n<p>&nbsp;<\/p>\r\n<p><a href=\"https:\/\/balkonada.cafeblog.hu\/files\/2015\/06\/cs\u00f6m\u00f6r7.jpg\"><img class=\"aligncenter size-large wp-image-7567\" src=\"https:\/\/balkonada.cafeblog.hu\/files\/2015\/06\/cs\u00f6m\u00f6r7-400x600.jpg\" alt=\"cs\u00f6m\u00f6r7\" width=\"400\" height=\"600\" \/><\/a><\/p>\r\n<p>&nbsp;<\/p>\r\n<p><a href=\"https:\/\/balkonada.cafeblog.hu\/files\/2015\/06\/cs\u00f6m\u00f6r.jpg\"><img class=\"aligncenter size-large wp-image-7560\" src=\"https:\/\/balkonada.cafeblog.hu\/files\/2015\/06\/cs\u00f6m\u00f6r-450x600.jpg\" alt=\"cs\u00f6m\u00f6r\" width=\"450\" height=\"600\" \/><\/a><\/p>\r\n<p>&nbsp;<\/p>\r\n<p><a href=\"https:\/\/balkonada.cafeblog.hu\/files\/2015\/06\/cs\u00f6m\u00f6r1.jpg\"><img class=\"aligncenter size-large wp-image-7561\" src=\"https:\/\/balkonada.cafeblog.hu\/files\/2015\/06\/cs\u00f6m\u00f6r1-450x600.jpg\" alt=\"cs\u00f6m\u00f6r1\" width=\"450\" height=\"600\" \/><\/a><\/p>\r\n<p>&nbsp;<\/p>\r\n<p><a href=\"https:\/\/balkonada.cafeblog.hu\/files\/2015\/06\/cs\u00f6m\u00f6r2.jpg\"><img class=\"aligncenter size-large wp-image-7562\" src=\"https:\/\/balkonada.cafeblog.hu\/files\/2015\/06\/cs\u00f6m\u00f6r2-450x600.jpg\" alt=\"cs\u00f6m\u00f6r2\" width=\"450\" height=\"600\" \/><\/a><\/p>\r\n<p>&nbsp;<\/p>\r\n<p><a href=\"https:\/\/balkonada.cafeblog.hu\/files\/2015\/06\/cs\u00f6m\u00f6r3.jpg\"><img class=\"aligncenter size-large wp-image-7563\" src=\"https:\/\/balkonada.cafeblog.hu\/files\/2015\/06\/cs\u00f6m\u00f6r3-600x450.jpg\" alt=\"cs\u00f6m\u00f6r3\" width=\"600\" height=\"450\" \/><\/a><\/p>\r\n<p>&nbsp;<\/p>\r\n<p><a href=\"https:\/\/balkonada.cafeblog.hu\/files\/2015\/06\/cs\u00f6m\u00f6r4.jpg\"><img class=\"aligncenter size-large wp-image-7564\" src=\"https:\/\/balkonada.cafeblog.hu\/files\/2015\/06\/cs\u00f6m\u00f6r4-399x600.jpg\" alt=\"cs\u00f6m\u00f6r4\" width=\"399\" height=\"600\" \/><\/a><\/p>\r\n<p>&nbsp;<\/p>\r\n<p><a href=\"https:\/\/balkonada.cafeblog.hu\/files\/2015\/06\/cs\u00f6m\u00f6r5.jpg\"><img class=\"aligncenter size-large wp-image-7565\" src=\"https:\/\/balkonada.cafeblog.hu\/files\/2015\/06\/cs\u00f6m\u00f6r5-600x450.jpg\" alt=\"cs\u00f6m\u00f6r5\" width=\"600\" height=\"450\" \/><\/a><\/p>\r\n<p>&nbsp;<\/p>\r\n<p>A fot\u00f3kat \u00e9s az inform\u00e1ci\u00f3kat Bisz Gaty\u00e1n Vikt\u00f3ria, a <strong><a href=\"https:\/\/www.facebook.com\/viragallomas\" target=\"_blank\">Cs\u00f6m\u00f6ri Vir\u00e1g\u00e1llom\u00e1s vir\u00e1g\u00fczlet<\/a><\/strong>\u00a0vezet\u0151je bocs\u00e1totta rendelkez\u00e9s\u00fcnkre, aki maga is r\u00e9szt vett a fantasztikus vir\u00e1gsz\u0151nyeg l\u00e9trej\u00f6tt\u00e9ben. \u0150 szerezte be a vir\u00e1gokat beszerz\u00e9si \u00e1ron \u00e9s a vir\u00e1g\u00fczlet nev\u00e9ben is t\u00f6bb k\u00f6teg vir\u00e1ggal t\u00e1mogatt\u00e1k a sz\u0151nyeg l\u00e9trej\u00f6tt\u00e9t.<\/p>\r\n<p>Nagyon k\u00f6sz\u00f6nj\u00fck Viki!<\/p>\r\n<p>Tetszett a cikk? B\u00e1tran oszd meg bar\u00e1taiddal vagy\u00a0l\u00e1jkold a <strong><a title=\"Balkonada Facebook oldal\" href=\"https:\/\/www.facebook.com\/balkonada\" target=\"_blank\">Balkonada Facebook oldalt<\/a>. \u00a0\u00a0<\/strong><\/p>\r\n<p>Szeretn\u00e9l hasznos tan\u00e1csokat kapni, sz\u00e9p k\u00e9peket n\u00e9zegetni a vir\u00e1gokr\u00f3l? Sz\u00edvesen lenn\u00e9l egy vir\u00e1gim\u00e1d\u00f3, lelkes k\u00f6z\u00f6ss\u00e9gtagja? Csatlakozz a<strong> <a title=\"Burj\u00e1nz\u00f3 balkonok Facebook csoport\" href=\"https:\/\/www.facebook.com\/groups\/balkonada\/\" target=\"_blank\">Burj\u00e1nz\u00f3 balkonok Facebook csoportunkhoz<\/a>!<\/strong><\/p>","type":"rich","thumbnail_url":"https:\/\/balkonada.cafeblog.hu\/files\/2015\/06\/cs\u00f6m\u00f6r6-150x150.jpg","thumbnail_width":150,"thumbnail_height":150}