{"version":"1.0","provider_name":"Balkonada","provider_url":"https:\/\/balkonada.cafeblog.hu","author_name":"Nagy Juc\u00f3","author_url":"https:\/\/balkonada.cafeblog.hu\/author\/nagyjucokagmail-com\/","title":"Azori-szigetek t\u00f6bb sz\u00e1z \u00e9ves csod\u00e1i","html":"<p>Biztos vagyok benne, hogy a legt\u00f6bben m\u00e1r hallottak a f\u00e1k \u00f6lelget\u00e9s\u00e9nek j\u00f3t\u00e9kony hat\u00e1sair\u00f3l. Egyre kevesebben tartj\u00e1k h\u00f3bortnak \u00e9s elismerik, hogy ez az egyszer\u0171 ritu\u00e1l\u00e9 val\u00f3ban jav\u00edtja az eg\u00e9szs\u00e9gi \u00e1llapotunkat. M\u00e1r azzal is rengeteget tesz\u00fcnk a jobb k\u00f6z\u00e9rzet\u00fcnk\u00e9rt, ha f\u00e1k \u00e9s n\u00f6v\u00e9nyek k\u00f6z\u00f6tt vagyunk a term\u00e9szetben. \u0150sid\u0151k \u00f3ta ismert t\u00e9ny, hogy a term\u00e9szetben elt\u00f6lt\u00f6tt percek pozit\u00edvan hatnak \u00a0a\u00a0depresszi\u00f3ra, jav\u00edtj\u00e1k a koncentr\u00e1l\u00f3 k\u00e9pess\u00e9get \u00e9s m\u00e9g a fejf\u00e1j\u00e1st is k\u00e9pesek enyh\u00edteni. Azt m\u00e9g senki nem bizony\u00edtotta, hogy a f\u00e1k n\u00e9zeget\u00e9se is ugyan ilyen pozit\u00edv energi\u00e1kat szabad\u00edt fel. Javaslom tegy\u00fcnk egy pr\u00f3b\u00e1t! Sz\u0151ll\u0151sin\u00e9 Ir\u00e9nke p\u00e1r \u00e9ve az Azori-szigeteken j\u00e1rva fantasztikus f\u00e1kat fot\u00f3zott. Bennem ezek n\u00e9zeget\u00e9se is elind\u00edtott valamit, sokkal der\u0171l\u00e1t\u00f3bb lettem. R\u00e1d milyen hat\u00e1ssal vannak?<\/p>\r\n<p>&nbsp;<\/p>\r\n<p>Ficus elastica, kb. 550 \u00e9ves fa<\/p>\r\n<p><a href=\"https:\/\/balkonada.cafeblog.hu\/files\/2015\/01\/azori.jpg\"><img class=\"aligncenter size-large wp-image-4819\" src=\"https:\/\/balkonada.cafeblog.hu\/files\/2015\/01\/azori-600x450.jpg\" alt=\"azori\" width=\"600\" height=\"450\" \/><\/a><\/p>\r\n<p>&nbsp;<\/p>\r\n<p>Ficus banyan fa, kb. 700 \u00e9ves<\/p>\r\n<p>&nbsp;<\/p>\r\n<p><a href=\"https:\/\/balkonada.cafeblog.hu\/files\/2015\/01\/azori2.jpg\"><img class=\"aligncenter size-large wp-image-4820\" src=\"https:\/\/balkonada.cafeblog.hu\/files\/2015\/01\/azori2-600x450.jpg\" alt=\"azori2\" width=\"600\" height=\"450\" \/><\/a><\/p>\r\n<p>&nbsp;<\/p>\r\n<p>Feny\u0151f\u00e9le, de pontos nevet nem tudok, jobbra k\u00f6zvetlen mellette pandanus (csavarp\u00e1lma)<\/p>\r\n<p>&nbsp;<\/p>\r\n<p><a href=\"https:\/\/balkonada.cafeblog.hu\/files\/2015\/01\/azori3.jpg\"><img class=\"aligncenter size-large wp-image-4821\" src=\"https:\/\/balkonada.cafeblog.hu\/files\/2015\/01\/azori3-600x450.jpg\" alt=\"azori3\" width=\"600\" height=\"450\" \/><\/a><\/p>\r\n<p>&nbsp;<\/p>\r\n<p>Eucaliptus fa, kb. 200 \u00e9ves<\/p>\r\n<p>&nbsp;<\/p>\r\n<p><a href=\"https:\/\/balkonada.cafeblog.hu\/files\/2015\/01\/azori4.jpg\"><img class=\"aligncenter size-large wp-image-4822\" src=\"https:\/\/balkonada.cafeblog.hu\/files\/2015\/01\/azori4-450x600.jpg\" alt=\"azori4\" width=\"450\" height=\"600\" \/><\/a><\/p>\r\n<p>&nbsp;<\/p>\r\n<p>Ausztr\u00e1l palackfa, - Brachychiton acerifolius<\/p>\r\n<p>&nbsp;<\/p>\r\n<p><a href=\"https:\/\/balkonada.cafeblog.hu\/files\/2015\/01\/azori5.jpg\"><img class=\"aligncenter size-large wp-image-4823\" src=\"https:\/\/balkonada.cafeblog.hu\/files\/2015\/01\/azori5-600x450.jpg\" alt=\"azori5\" width=\"600\" height=\"450\" \/><\/a><\/p>\r\n<p>&nbsp;<\/p>\r\n<p>Ezt az\u00e9rt neh\u00e9z lenne meg\u00f6lelni, de \u00e9rint\u00e9se is seg\u00edt<\/p>\r\n<p>&nbsp;<\/p>\r\n<p><a href=\"https:\/\/balkonada.cafeblog.hu\/files\/2015\/01\/azori6.jpg\"><img class=\"aligncenter size-large wp-image-4824\" src=\"https:\/\/balkonada.cafeblog.hu\/files\/2015\/01\/azori6-450x600.jpg\" alt=\"azori6\" width=\"450\" height=\"600\" \/><\/a><\/p>\r\n<p>&nbsp;<\/p>\r\n<p>&nbsp;<\/p>\r\n<p><a href=\"https:\/\/balkonada.cafeblog.hu\/files\/2015\/01\/azori7.jpg\"><img class=\"aligncenter size-large wp-image-4825\" src=\"https:\/\/balkonada.cafeblog.hu\/files\/2015\/01\/azori7-600x450.jpg\" alt=\"azori7\" width=\"600\" height=\"450\" \/><\/a><\/p>\r\n<p>&nbsp;<\/p>\r\n<p>F\u00e1k gy\u00f6kerei..<\/p>\r\n<p>&nbsp;<\/p>\r\n<p style=\"text-align: center\"><a href=\"https:\/\/balkonada.cafeblog.hu\/files\/2015\/01\/azori8.jpg\"><img class=\"aligncenter size-large wp-image-4826\" src=\"https:\/\/balkonada.cafeblog.hu\/files\/2015\/01\/azori8-600x450.jpg\" alt=\"azori8\" width=\"600\" height=\"450\" \/><\/a><\/p>\r\n<p>&nbsp;<\/p>\r\n<p>Sok-sok \u00e9ves yucca...<\/p>\r\n<p style=\"text-align: center\"><a href=\"https:\/\/balkonada.cafeblog.hu\/files\/2015\/01\/azori9.jpg\"><img class=\"aligncenter size-large wp-image-4827\" src=\"https:\/\/balkonada.cafeblog.hu\/files\/2015\/01\/azori9-600x450.jpg\" alt=\"azori9\" width=\"600\" height=\"450\" \/><\/a><\/p>\r\n<p>&nbsp;<\/p>\r\n<p>Eucaliptus egyik fajt\u00e1ja<\/p>\r\n<p>&nbsp;<\/p>\r\n<p style=\"text-align: center\"><a href=\"https:\/\/balkonada.cafeblog.hu\/files\/2015\/01\/azori10.jpg\"><img class=\"aligncenter size-large wp-image-4828\" src=\"https:\/\/balkonada.cafeblog.hu\/files\/2015\/01\/azori10-450x600.jpg\" alt=\"azori10\" width=\"450\" height=\"600\" \/><\/a><\/p>\r\n<p>&nbsp;<\/p>\r\n<p>T\u00f6bb sz\u00e1z \u00e9ves dracena draco<\/p>\r\n<p>&nbsp;<\/p>\r\n<p style=\"text-align: center\"><a href=\"https:\/\/balkonada.cafeblog.hu\/files\/2015\/01\/azori11.jpg\"><img class=\"aligncenter size-large wp-image-4829\" src=\"https:\/\/balkonada.cafeblog.hu\/files\/2015\/01\/azori11-600x450.jpg\" alt=\"azori11\" width=\"600\" height=\"450\" \/><\/a><\/p>\r\n<p>&nbsp;<\/p>\r\n<p>Ilyen moha fedi a f\u00e1k t\u00f6rzs\u00e9t...<\/p>\r\n<p>&nbsp;<\/p>\r\n<p style=\"text-align: center\"><a href=\"https:\/\/balkonada.cafeblog.hu\/files\/2015\/01\/azori12.jpg\"><img class=\"aligncenter size-large wp-image-4830\" src=\"https:\/\/balkonada.cafeblog.hu\/files\/2015\/01\/azori12-450x600.jpg\" alt=\"azori12\" width=\"450\" height=\"600\" \/><\/a><\/p>\r\n<p>&nbsp;<\/p>\r\n<p>A fa t\u00f6rzse is \u00f3ri\u00e1si volt, b\u00e1r alul m\u00e1r korhadt, de \u00e9lt a fa<\/p>\r\n<p>&nbsp;<\/p>\r\n<p style=\"text-align: center\"><a href=\"https:\/\/balkonada.cafeblog.hu\/files\/2015\/01\/azori13.jpg\"><img class=\"aligncenter size-large wp-image-4831\" src=\"https:\/\/balkonada.cafeblog.hu\/files\/2015\/01\/azori13-600x450.jpg\" alt=\"azori13\" width=\"600\" height=\"450\" \/><\/a><\/p>\r\n<p>&nbsp;<\/p>\r\n<p>Araucaria<\/p>\r\n<p>&nbsp;<\/p>\r\n<p style=\"text-align: center\"><a href=\"https:\/\/balkonada.cafeblog.hu\/files\/2015\/01\/azori14.jpg\"><img class=\"aligncenter size-large wp-image-4832\" src=\"https:\/\/balkonada.cafeblog.hu\/files\/2015\/01\/azori14-450x600.jpg\" alt=\"azori14\" width=\"450\" height=\"600\" \/><\/a><\/p>\r\n<p>&nbsp;<\/p>\r\n<p>Ez is egy ficus<\/p>\r\n<p>&nbsp;<\/p>\r\n<p style=\"text-align: center\"><a href=\"https:\/\/balkonada.cafeblog.hu\/files\/2015\/01\/azori15.jpg\"><img class=\"aligncenter size-large wp-image-4833\" src=\"https:\/\/balkonada.cafeblog.hu\/files\/2015\/01\/azori15-450x600.jpg\" alt=\"azori15\" width=\"450\" height=\"600\" \/><\/a><\/p>\r\n<p>&nbsp;<\/p>\r\n<p>Ficus benjamina, h\u00e1ny \u00e9v alatt n\u0151hetett majdnem 3 szint magass\u00e1gig?<\/p>\r\n<p>&nbsp;<\/p>\r\n<p style=\"text-align: center\"><a href=\"https:\/\/balkonada.cafeblog.hu\/files\/2015\/01\/azori16.jpg\"><img class=\"aligncenter size-large wp-image-4834\" src=\"https:\/\/balkonada.cafeblog.hu\/files\/2015\/01\/azori16-450x600.jpg\" alt=\"azori16\" width=\"450\" height=\"600\" \/><\/a><\/p>\r\n<p>&nbsp;<\/p>\r\n<p>Ficus elastica, kb. 550 \u00e9ves fa<\/p>\r\n<p>&nbsp;<\/p>\r\n<p><a href=\"https:\/\/balkonada.cafeblog.hu\/files\/2015\/01\/azori17.jpg\"><img class=\"aligncenter size-large wp-image-4835\" src=\"https:\/\/balkonada.cafeblog.hu\/files\/2015\/01\/azori17-600x450.jpg\" alt=\"azori17\" width=\"600\" height=\"450\" \/><\/a><\/p>\r\n<p>&nbsp;<\/p>\r\n<p>Na mit sz\u00f3l? R\u00e1d hogy hatottak? Tetszettek? N\u00e9zd meg a <a title=\"A vil\u00e1g leg\u0151sibb f\u00e1i l\u00e9legzetel\u00e1ll\u00edt\u00f3 k\u00e9peken\" href=\"https:\/\/balkonada.cafeblog.hu\/2015\/01\/19\/a-vilag-legosibb-fai-lelegzetelallito-kepeken\/\" target=\"_blank\" rel=\"noopener\">vil\u00e1g leg\u00f6regebb f\u00e1it<\/a>\u00a0is!<\/p>\r\n<p>&nbsp;<\/p>\r\n<p>Nagyon k\u00f6sz\u00f6nj\u00fck Ir\u00e9nk\u00e9nek a csod\u00e1latos k\u00e9peket \u00e9s a kedves gesztust, amivel lehet\u0151v\u00e9 tette, hogy a k\u00e9perny\u0151 el\u0151tt \u00fclve is tegy\u00fcnk valamit a depresszi\u00f3 ellen. \u00a0\u00a0<\/p>\r\n<p>&nbsp;<\/p>\r\n<p>Tetszett a cikk? B\u00e1tran oszd meg bar\u00e1taiddal vagy\u00a0l\u00e1jkold a <a title=\"Balkonada Facebook oldal\" href=\"https:\/\/www.facebook.com\/balkonada\" target=\"_blank\" rel=\"noopener\">Balkonada Facebook oldalt<\/a>. \u00a0\u00a0<\/p>\r\n<p>Szeretn\u00e9l hasznos tan\u00e1csokat kapni, sz\u00e9p k\u00e9peket n\u00e9zegetni a vir\u00e1gokr\u00f3l? Sz\u00edvesen lenn\u00e9l egy vir\u00e1gim\u00e1d\u00f3, lelkes k\u00f6z\u00f6ss\u00e9gtagja? Csatlakozz a <a title=\"Burj\u00e1nz\u00f3 balkonok Facebook csoport\" href=\"https:\/\/www.facebook.com\/groups\/balkonada\/\" target=\"_blank\" rel=\"noopener\">Burj\u00e1nz\u00f3 balkonok Facebook csoportunkhoz<\/a>!\u00a0<\/p>\r\n<p>&nbsp;<\/p>","type":"rich","thumbnail_url":"https:\/\/balkonada.cafeblog.hu\/files\/2015\/01\/azori17-150x150.jpg","thumbnail_width":150,"thumbnail_height":150}