{"version":"1.0","provider_name":"Balkonada","provider_url":"https:\/\/balkonada.cafeblog.hu","author_name":"Jucooo","author_url":"https:\/\/balkonada.cafeblog.hu\/author\/nagyjucoviragutazo-hu\/","title":"\u00dcnnepv\u00e1r\u00e1s a balkonokon","html":"<p>R\u00e9gi olvas\u00f3k megszokt\u00e1k m\u00e1r, hogy id\u0151nk\u00e9nt bemutatom a Burj\u00e1nz\u00f3 balkon csoportunk lelkes tagjainak balkonjait. Ahogy k\u00f6zeledik a kar\u00e1csony, egyre t\u00f6bb k\u00e9p ker\u00fcl fel a csoportba az \u00fcnnepv\u00e1r\u00e1s pillanatair\u00f3l. Ezekb\u0151l hoztam most egy csokorra val\u00f3t.<\/p>\r\n<p>&nbsp;<\/p>\r\n<p><a href=\"https:\/\/balkonada.cafeblog.hu\/files\/2014\/12\/kari22.jpg\"><img class=\"aligncenter size-large wp-image-4073\" src=\"https:\/\/balkonada.cafeblog.hu\/files\/2014\/12\/kari22-600x450.jpg\" alt=\"kari22\" width=\"600\" height=\"450\" \/><\/a><\/p>\r\n<p>&nbsp;<\/p>\r\n<p>Szab\u00f3 Andr\u00e1s csupa fa terasz\u00e1hoz nagyon j\u00f3l illik ez a term\u00e9szetes alap\u00fa adventi koszor\u00fa.<\/p>\r\n<p>&nbsp;<\/p>\r\n<p><a href=\"https:\/\/balkonada.cafeblog.hu\/files\/2014\/12\/Szab\u00f3-Andr\u00e1s.jpg\"><img class=\"aligncenter size-large wp-image-4053\" src=\"https:\/\/balkonada.cafeblog.hu\/files\/2014\/12\/Szab\u00f3-Andr\u00e1s-600x425.jpg\" alt=\"Szab\u00f3 Andr\u00e1s\" width=\"600\" height=\"425\" \/><\/a><\/p>\r\n<p>&nbsp;<\/p>\r\n<p>A csoport egy r\u00e9gi \u00e9s egyik leglelkesebb tagja Sirokai M\u00e1ria m\u00e1r eddig sok sz\u00e9ps\u00e9ggel k\u00e1pr\u00e1ztatott el benn\u00fcnket. Saj\u00e1t k\u00e9sz\u00edt\u00e9s\u0171 d\u00edszei igaz\u00e1n \u00edzl\u00e9sek \u00e9s gy\u00f6ny\u00f6r\u0171ek.<\/p>\r\n<p>&nbsp;<\/p>\r\n<p><a href=\"https:\/\/balkonada.cafeblog.hu\/files\/2014\/12\/sirokai-M\u00e1ria6.jpg\"><img class=\"aligncenter size-large wp-image-4055\" src=\"https:\/\/balkonada.cafeblog.hu\/files\/2014\/12\/sirokai-M\u00e1ria6-600x450.jpg\" alt=\"sirokai M\u00e1ria6\" width=\"600\" height=\"450\" \/><\/a><\/p>\r\n<p>&nbsp;<\/p>\r\n<p><a href=\"https:\/\/balkonada.cafeblog.hu\/files\/2014\/12\/sirokai-M\u00e1ria2.jpg\"><img class=\"aligncenter size-large wp-image-4056\" src=\"https:\/\/balkonada.cafeblog.hu\/files\/2014\/12\/sirokai-M\u00e1ria2-600x450.jpg\" alt=\"sirokai M\u00e1ria2\" width=\"600\" height=\"450\" \/><\/a><\/p>\r\n<p>&nbsp;<\/p>\r\n<p><a href=\"https:\/\/balkonada.cafeblog.hu\/files\/2014\/12\/sirokai-M\u00e1ria5.jpg\"><img class=\"aligncenter size-large wp-image-4057\" src=\"https:\/\/balkonada.cafeblog.hu\/files\/2014\/12\/sirokai-M\u00e1ria5-600x450.jpg\" alt=\"sirokai M\u00e1ria5\" width=\"600\" height=\"450\" \/><\/a><\/p>\r\n<p>&nbsp;<\/p>\r\n<p>&nbsp;<\/p>\r\n<p><a href=\"https:\/\/balkonada.cafeblog.hu\/files\/2014\/12\/sirokai-M\u00e1ria3.jpg\"><img class=\"aligncenter size-large wp-image-4054\" src=\"https:\/\/balkonada.cafeblog.hu\/files\/2014\/12\/sirokai-M\u00e1ria3-600x450.jpg\" alt=\"sirokai M\u00e1ria3\" width=\"600\" height=\"450\" \/><\/a><\/p>\r\n<p>&nbsp;<\/p>\r\n<p>\"Meg\u00e9rkezett a Mikul\u00e1s \u00e9s k\u00e9t r\u00e9nszarvasa.\"<\/p>\r\n<p>&nbsp;<\/p>\r\n<p><a href=\"https:\/\/balkonada.cafeblog.hu\/files\/2014\/12\/sirokai-M\u00e1ria4.jpg\"><img class=\"aligncenter size-large wp-image-4061\" src=\"https:\/\/balkonada.cafeblog.hu\/files\/2014\/12\/sirokai-M\u00e1ria4-600x450.jpg\" alt=\"sirokai M\u00e1ria4\" width=\"600\" height=\"450\" \/><\/a><\/p>\r\n<p>&nbsp;<\/p>\r\n<p>\"K\u00e9t kicsi man\u00f3 is \u00e9rkezett az erk\u00e9lyre, ez\u00e9rt \u00e1trendeztem kicsit. A rozmaring a kertemb\u0151l val\u00f3, majd szobai dekor\u00e1ci\u00f3 lesz.\"<\/p>\r\n<p>&nbsp;<\/p>\r\n<p><a href=\"https:\/\/balkonada.cafeblog.hu\/files\/2014\/12\/sirokai-M\u00e1ria.jpg\"><img class=\"aligncenter size-large wp-image-4058\" src=\"https:\/\/balkonada.cafeblog.hu\/files\/2014\/12\/sirokai-M\u00e1ria-600x450.jpg\" alt=\"sirokai M\u00e1ria\" width=\"600\" height=\"450\" \/><\/a><\/p>\r\n<p>&nbsp;<\/p>\r\n<p>Sz\u0171csn\u00e9 Zsuzsa erk\u00e9lye nappali \u00e9s esti f\u00e9nyekn\u00e9l.<\/p>\r\n<p>&nbsp;<\/p>\r\n<p><a href=\"https:\/\/balkonada.cafeblog.hu\/files\/2014\/12\/Sz\u0171csn\u00e9-Zsuzsa1.jpg\"><img class=\"aligncenter size-large wp-image-4063\" src=\"https:\/\/balkonada.cafeblog.hu\/files\/2014\/12\/Sz\u0171csn\u00e9-Zsuzsa1-600x450.jpg\" alt=\"Sz\u0171csn\u00e9 Zsuzsa1\" width=\"600\" height=\"450\" \/><\/a><\/p>\r\n<p>&nbsp;<\/p>\r\n<p>&nbsp;<\/p>\r\n<p><a href=\"https:\/\/balkonada.cafeblog.hu\/files\/2014\/12\/Sz\u0171csn\u00e9-Zsuzsa.jpg\"><img class=\"aligncenter size-large wp-image-4062\" src=\"https:\/\/balkonada.cafeblog.hu\/files\/2014\/12\/Sz\u0171csn\u00e9-Zsuzsa-600x450.jpg\" alt=\"Sz\u0171csn\u00e9 Zsuzsa\" width=\"600\" height=\"450\" \/><\/a><\/p>\r\n<p>&nbsp;<\/p>\r\n<p>Benk\u0151 Zsuzsanna h\u00f3embert festett az ajt\u00f3ra.<\/p>\r\n<p>&nbsp;<\/p>\r\n<p><a href=\"https:\/\/balkonada.cafeblog.hu\/files\/2014\/12\/benk\u0151-zsuzsanna.jpg\"><img class=\"aligncenter size-large wp-image-4064\" src=\"https:\/\/balkonada.cafeblog.hu\/files\/2014\/12\/benk\u0151-zsuzsanna-600x450.jpg\" alt=\"benk\u0151 zsuzsanna\" width=\"600\" height=\"450\" \/><\/a><\/p>\r\n<p>&nbsp;<\/p>\r\n<p>&nbsp;<\/p>\r\n<p>D\u00e9ri Tiborn\u00e9 is\u00a0b\u00e1tran haszn\u00e1lta a fest\u00e9ket.<\/p>\r\n<p>&nbsp;<\/p>\r\n<p><a href=\"https:\/\/balkonada.cafeblog.hu\/files\/2014\/12\/d\u00e9ri-Tiborn\u00e9.jpg\"><img class=\"aligncenter size-large wp-image-4065\" src=\"https:\/\/balkonada.cafeblog.hu\/files\/2014\/12\/d\u00e9ri-Tiborn\u00e9-600x450.jpg\" alt=\"d\u00e9ri Tiborn\u00e9\" width=\"600\" height=\"450\" \/><\/a><\/p>\r\n<p>&nbsp;<\/p>\r\n<p>&nbsp;<\/p>\r\n<p><a href=\"https:\/\/balkonada.cafeblog.hu\/files\/2014\/12\/d\u00e9ri-Tiborn\u00e92.jpg\"><img class=\"aligncenter size-large wp-image-4066\" src=\"https:\/\/balkonada.cafeblog.hu\/files\/2014\/12\/d\u00e9ri-Tiborn\u00e92-600x450.jpg\" alt=\"d\u00e9ri Tiborn\u00e92\" width=\"600\" height=\"450\" \/><\/a><\/p>\r\n<p>&nbsp;<\/p>\r\n<p>Sz\u00e1nt\u00f3n\u00e9 Tec\u00e1\u00e9kn\u00e1l m\u00e1r minden kar\u00e1csonyi hangulatot id\u00e9z.<\/p>\r\n<p>&nbsp;<\/p>\r\n<p><a href=\"https:\/\/balkonada.cafeblog.hu\/files\/2014\/12\/Sz\u00e1nt\u00f3n\u00e9-Teca1.jpg\"><img class=\"aligncenter size-large wp-image-4071\" src=\"https:\/\/balkonada.cafeblog.hu\/files\/2014\/12\/Sz\u00e1nt\u00f3n\u00e9-Teca1-450x600.jpg\" alt=\"Sz\u00e1nt\u00f3n\u00e9 Teca1\" width=\"450\" height=\"600\" \/><\/a><\/p>\r\n<p>&nbsp;<\/p>\r\n<p><a href=\"https:\/\/balkonada.cafeblog.hu\/files\/2014\/12\/Sz\u00e1nt\u00f3n\u00e9-Teca.jpg\"><img class=\"aligncenter size-large wp-image-4070\" src=\"https:\/\/balkonada.cafeblog.hu\/files\/2014\/12\/Sz\u00e1nt\u00f3n\u00e9-Teca-600x450.jpg\" alt=\"Sz\u00e1nt\u00f3n\u00e9 Teca\" width=\"600\" height=\"450\" \/><\/a><\/p>\r\n<p>&nbsp;<\/p>\r\n<p>Pint\u00e9r M\u00e1rt\u00e1n\u00e1l a vend\u00e9get is kedvesen fogadj\u00e1k, bent pedig a vir\u00e1gok domin\u00e1lnak. Nem hi\u00e1nyoznak a <a title=\"7+1 pomp\u00e1s piros vir\u00e1g az \u00fcnnepi hangulathoz\" href=\"https:\/\/balkonada.cafeblog.hu\/2014\/12\/08\/71-pompas-piros-virag-az-unnepi-hangulathoz\/\" target=\"_blank\">t\u00e9l nagy kedvencei a cikl\u00e1menek<\/a> sem, de a tavasz h\u00edrn\u00f6kei, a j\u00e1cintok is sz\u00e9pen vir\u00edtanak.<\/p>\r\n<p>&nbsp;<\/p>\r\n<p><a href=\"https:\/\/balkonada.cafeblog.hu\/files\/2014\/12\/pint\u00e9r-M\u00e1rta.jpg\"><img class=\"aligncenter size-large wp-image-4067\" src=\"https:\/\/balkonada.cafeblog.hu\/files\/2014\/12\/pint\u00e9r-M\u00e1rta-450x600.jpg\" alt=\"pint\u00e9r M\u00e1rta\" width=\"450\" height=\"600\" \/><\/a> \u00a0<\/p>\r\n<p>&nbsp;<\/p>\r\n<p><a href=\"https:\/\/balkonada.cafeblog.hu\/files\/2014\/12\/pint\u00e9r-M\u00e1rta2.jpg\"><img class=\"aligncenter size-large wp-image-4068\" src=\"https:\/\/balkonada.cafeblog.hu\/files\/2014\/12\/pint\u00e9r-M\u00e1rta2-450x600.jpg\" alt=\"pint\u00e9r M\u00e1rta2\" width=\"450\" height=\"600\" \/><\/a><\/p>\r\n<p>&nbsp;<\/p>\r\n<p><a href=\"https:\/\/balkonada.cafeblog.hu\/files\/2014\/12\/pint\u00e9r-M\u00e1rta3.jpg\"><img class=\"aligncenter size-large wp-image-4069\" src=\"https:\/\/balkonada.cafeblog.hu\/files\/2014\/12\/pint\u00e9r-M\u00e1rta3-600x450.jpg\" alt=\"pint\u00e9r M\u00e1rta3\" width=\"600\" height=\"450\" \/><\/a><\/p>\r\n<p>&nbsp;<\/p>\r\n<p>\u00a0K\u00edv\u00e1ncsi vagy hogy v\u00e1rj\u00e1k a kar\u00e1csonyt 18-20 fokos melegben? N\u00e9zd meg <a title=\"Szic\u00edliai balkonok Mikul\u00e1skor\" href=\"https:\/\/balkonada.cafeblog.hu\/2014\/12\/15\/sziciliai-balkonok-mikulaskor\/\" target=\"_blank\">milyen vir\u00e1gokkal d\u00edsz\u00edtik a balkonokat Szic\u00edli\u00e1ban!<\/a><\/p>\r\n<p>Sz\u00edvesen megosztan\u00e1d Te is balkonkert\u00e9sz tapasztalataidat vagy olvasgatn\u00e1d m\u00e1sok j\u00f3l bev\u00e1lt tr\u00fckkjeit? Gyere \u00e9s csatlakozz hozz\u00e1nk a\u00a0<a title=\"Burj\u00e1nz\u00f3 balkonok\" href=\"https:\/\/www.facebook.com\/groups\/balkonada\/\" target=\"_blank\">Burj\u00e1nz\u00f3 balkonok Facebook<\/a>\u00a0csoportban!<\/p>\r\n<p>&nbsp;<\/p>","type":"rich"}