{"version":"1.0","provider_name":"Balkonada","provider_url":"https:\/\/balkonada.cafeblog.hu","author_name":"Nagy Juc\u00f3","author_url":"https:\/\/balkonada.cafeblog.hu\/author\/nagyjucokagmail-com\/","title":"Pipacstenger bor\u00edtja a Towert","html":"<p>Aki mostans\u00e1g Londonban j\u00e1r t\u00f6bb szempontb\u00f3l is szerencs\u00e9snek mondhatja mag\u00e1t. London az egyik legny\u00fczsg\u0151bb, leg\u00e9rdekesebb vil\u00e1gv\u00e1ros. A tem\u00e9rdek kihagyhatatlan l\u00e1tnival\u00f3 k\u00f6z\u00f6tt el\u0151kel\u0151 helyet foglal el a Tower of London, a Temze parkj\u00e1n elter\u00fcl\u0151 k\u00f6z\u00e9pkor \u00e9p\u00fcletegy\u00fcttes. A volt kir\u00e1lyi palota \u00e9s v\u00e1rb\u00f6rt\u00f6n jelenleg m\u00fazeumk\u00e9nt \u00fczemel. Itt \u0151rzik t\u00f6bbek k\u00f6zt a koron\u00e1z\u00e1si \u00e9kszereket is. November 11-ig az odal\u00e1togat\u00f3kat k\u00fcl\u00f6nleges \u00e9lm\u00e9ny v\u00e1rja. A Tower kisz\u00e1radt v\u00e1r\u00e1rk\u00e1t impoz\u00e1ns, k\u00e9zi k\u00e9sz\u00edt\u00e9s\u0171 pipacsok \u00e1rasztott\u00e1k el. Az Els\u0151 vil\u00e1gh\u00e1bor\u00fa 100. \u00e9vfordul\u00f3j\u00e1n\u00a0egyedi, ker\u00e1mia pipacsok d\u00edszelegnek az elesett brit \u00e1ldozatok eml\u00e9k\u00e9re.<\/p>\r\n<p>&nbsp;<\/p>\r\n<p><a href=\"https:\/\/balkonada.cafeblog.hu\/files\/2014\/11\/tower10.jpg\"><img class=\"aligncenter size-large wp-image-3409\" src=\"https:\/\/balkonada.cafeblog.hu\/files\/2014\/11\/tower10-450x600.jpg\" alt=\"tower10\" width=\"450\" height=\"600\" \/><\/a><\/p>\r\n<p>&nbsp;<\/p>\r\n<p><a href=\"https:\/\/balkonada.cafeblog.hu\/files\/2014\/11\/tower.jpg\"><img class=\"aligncenter size-large wp-image-3400\" src=\"https:\/\/balkonada.cafeblog.hu\/files\/2014\/11\/tower-600x372.jpg\" alt=\"tower\" width=\"600\" height=\"372\" \/><\/a><\/p>\r\n<p>&nbsp;<\/p>\r\n<p><a href=\"https:\/\/balkonada.cafeblog.hu\/files\/2014\/11\/tower15.jpg\"><img class=\"aligncenter size-large wp-image-3414\" src=\"https:\/\/balkonada.cafeblog.hu\/files\/2014\/11\/tower15-600x337.jpg\" alt=\"tower15\" width=\"600\" height=\"337\" \/><\/a><\/p>\r\n<p>&nbsp;<\/p>\r\n<p>Paul Cummins keramikusm\u0171v\u00e9sz \u00e9s Tom Piper d\u00edszlettervez\u0151 k\u00fcl\u00f6nleges \u00f6tlete volt a h\u0151s\u00f6k el\u0151tti nagyszab\u00e1s\u00fa tisztelg\u00e9s. A l\u00e1tv\u00e1nyos m\u0171v\u00e9szeti alkot\u00e1s\u00a0\u00f6sszesen 888 ezer 246 darab ker\u00e1mi\u00e1b\u00f3l k\u00e9sz\u00fclt pipacsb\u00f3l \u00e1ll, pont annyib\u00f3l, mint ah\u00e1ny brit katona \u00e9let\u00e9t vesztette a h\u00e1bor\u00faban.<\/p>\r\n<p>&nbsp;<\/p>\r\n<p><a href=\"https:\/\/balkonada.cafeblog.hu\/files\/2014\/11\/tower2.jpg\"><img class=\"aligncenter size-large wp-image-3401\" src=\"https:\/\/balkonada.cafeblog.hu\/files\/2014\/11\/tower2-600x372.jpg\" alt=\"tower2\" width=\"600\" height=\"372\" \/><\/a><\/p>\r\n<p>&nbsp;<\/p>\r\n<p>&nbsp;<\/p>\r\n<p><a href=\"https:\/\/balkonada.cafeblog.hu\/files\/2014\/11\/tower4.jpg\"><img class=\"aligncenter size-large wp-image-3403\" src=\"https:\/\/balkonada.cafeblog.hu\/files\/2014\/11\/tower4-600x372.jpg\" alt=\"tower4\" width=\"600\" height=\"372\" \/><\/a><\/p>\r\n<p>&nbsp;<\/p>\r\n<p>A pipacsok a piros, v\u00e9rre eml\u00e9keztet\u0151 sz\u00edn\u0171kkel a harcmez\u0151k szimb\u00f3lumai. A legenda szerint a pipacs az egyetlen vir\u00e1g, ami a harcmez\u0151n, a h\u0151s\u00f6k maradv\u00e1nyai felett is vir\u00edt.\u00a0\u00a0A v\u00e9rv\u00f6r\u00f6s pipacstenger, az egyik l\u0151r\u00e9sb\u0151l kifolyva, a kiontott v\u00e9rt szimboliz\u00e1lva sz\u00e9tterjed a Tower k\u00f6r\u00fcl.<\/p>\r\n<p>&nbsp;<\/p>\r\n<p><a href=\"https:\/\/balkonada.cafeblog.hu\/files\/2014\/11\/tower3.jpg\"><img class=\"aligncenter size-large wp-image-3402\" src=\"https:\/\/balkonada.cafeblog.hu\/files\/2014\/11\/tower3-600x372.jpg\" alt=\"tower3\" width=\"600\" height=\"372\" \/><\/a><\/p>\r\n<p>&nbsp;<\/p>\r\n<p><a href=\"https:\/\/balkonada.cafeblog.hu\/files\/2014\/11\/tower13.jpg\"><img class=\"aligncenter size-large wp-image-3412\" src=\"https:\/\/balkonada.cafeblog.hu\/files\/2014\/11\/tower13-600x450.jpg\" alt=\"tower13\" width=\"600\" height=\"450\" \/><\/a><\/p>\r\n<p>&nbsp;<\/p>\r\n<p><a href=\"https:\/\/balkonada.cafeblog.hu\/files\/2014\/11\/tower14.jpg\"><img class=\"aligncenter size-large wp-image-3413\" src=\"https:\/\/balkonada.cafeblog.hu\/files\/2014\/11\/tower14-600x450.jpg\" alt=\"tower14\" width=\"600\" height=\"450\" \/><\/a><\/p>\r\n<p>&nbsp;<\/p>\r\n<p>A \u201eV\u00e9rrel bor\u00edtott\u00a0F\u00f6ld\u201d \u00e9s \u201eV\u00f6r\u00f6ss\u00e9g tengere\u201d\u00a0c\u00edmet visel\u0151\u00a0install\u00e1ci\u00f3 els\u0151 vir\u00e1gait j\u00falius 17-\u00e9n helyezt\u00e9k el \u00f6nk\u00e9ntesek, az utols\u00f3 vir\u00e1gsz\u00e1l pedig november 11-\u00e9n 11 \u00f3ra 11-kor a <a title=\"Poppy day Sk\u00f3ci\u00e1ban\" href=\"https:\/\/kozelestavol.cafeblog.hu\/2014\/11\/11\/ket-percre-elnemult-skocia\/\" target=\"_blank\">Poppy day<\/a>-en ker\u00fcl a hely\u00e9re. A nem mindennapi l\u00e1tv\u00e1ny m\u00e9lt\u00f3 m\u00f3dja a megeml\u00e9kez\u00e9snek, a h\u00e1bor\u00fa ellenes figyelemfelkelt\u00e9snek.<\/p>\r\n<p>&nbsp;<\/p>\r\n<p><a href=\"https:\/\/balkonada.cafeblog.hu\/files\/2014\/11\/tower5.jpg\"><img class=\"aligncenter size-large wp-image-3404\" src=\"https:\/\/balkonada.cafeblog.hu\/files\/2014\/11\/tower5-600x372.jpg\" alt=\"tower5\" width=\"600\" height=\"372\" \/><\/a><\/p>\r\n<p>&nbsp;<\/p>\r\n<p><a href=\"https:\/\/balkonada.cafeblog.hu\/files\/2014\/11\/tower6.jpg\"><img class=\"aligncenter size-large wp-image-3405\" src=\"https:\/\/balkonada.cafeblog.hu\/files\/2014\/11\/tower6-600x372.jpg\" alt=\"tower6\" width=\"600\" height=\"372\" \/><\/a><\/p>\r\n<p>&nbsp;<\/p>\r\n<p><a href=\"https:\/\/balkonada.cafeblog.hu\/files\/2014\/11\/tower7.jpg\"><img class=\"aligncenter size-full wp-image-3406\" src=\"https:\/\/balkonada.cafeblog.hu\/files\/2014\/11\/tower7.jpg\" alt=\"tower7\" width=\"600\" height=\"600\" \/><\/a><\/p>\r\n<p>&nbsp;<\/p>\r\n<p>A pipacsmez\u0151t a Towerbe sz\u00f3l\u00f3 bel\u00e9p\u0151jeggyel, a Tower b\u00e1sty\u00e1ir\u00f3l lehet megtekinteni. A pipacsok k\u00f6zt s\u00e9t\u00e1lgatni nem lehet, b\u00e1r az\u00e9rt e szab\u00e1ly al\u00f3l vannak kiv\u00e9telek.<\/p>\r\n<p>&nbsp;<\/p>\r\n<p><a href=\"https:\/\/balkonada.cafeblog.hu\/files\/2014\/11\/tower9.jpg\"><img class=\"aligncenter size-large wp-image-3408\" src=\"https:\/\/balkonada.cafeblog.hu\/files\/2014\/11\/tower9-600x337.jpg\" alt=\"tower9\" width=\"600\" height=\"337\" \/><\/a><\/p>\r\n<p>&nbsp;<\/p>\r\n<p><a href=\"https:\/\/balkonada.cafeblog.hu\/files\/2014\/11\/tower12.jpg\"><img class=\"aligncenter size-large wp-image-3411\" src=\"https:\/\/balkonada.cafeblog.hu\/files\/2014\/11\/tower12-395x600.jpg\" alt=\"tower12\" width=\"395\" height=\"600\" \/><\/a><\/p>\r\n<p>&nbsp;<\/p>\r\n<p>A frenetikus m\u0171alkot\u00e1s egyben a nagyszab\u00e1s\u00fa j\u00f3t\u00e9konys\u00e1gi rendezv\u00e9ny is. Valamennyi pipacs egyedi, k\u00e9zzel k\u00e9sz\u00edtett ker\u00e1mia, amit 25 font\u00e9rt \u00e1rultak. A m\u00falt id\u0151 haszn\u00e1lata nem v\u00e9letlen, ugyanis m\u00e1r az \u00f6sszes pipacs elkelt. Egy kis sz\u00e1mol\u00e1ssal r\u00e1j\u00f6het\u00fcnk, hogy\u00a0igen sikeres az akci\u00f3, hisz kb. 8,5 milli\u00e1rd forintnak megfelel\u0151 \u00f6sszeg gy\u0171lik \u00f6ssze a ki\u00e1rus\u00edt\u00e1sb\u00f3l, amit j\u00f3t\u00e9konys\u00e1gi szervezetek kapnak meg.<\/p>\r\n<p>&nbsp;<\/p>\r\n<p><a href=\"https:\/\/balkonada.cafeblog.hu\/files\/2014\/11\/tower11.jpg\"><img class=\"aligncenter size-full wp-image-3410\" src=\"https:\/\/balkonada.cafeblog.hu\/files\/2014\/11\/tower11.jpg\" alt=\"tower11\" width=\"460\" height=\"276\" \/><\/a><\/p>\r\n<p>&nbsp;<\/p>\r\n<p>&nbsp;<\/p>\r\n<p><a href=\"https:\/\/balkonada.cafeblog.hu\/files\/2014\/11\/tower8.jpg\"><img class=\"aligncenter size-large wp-image-3407\" src=\"https:\/\/balkonada.cafeblog.hu\/files\/2014\/11\/tower8-600x600.jpg\" alt=\"tower8\" width=\"600\" height=\"600\" \/><\/a><\/p>\r\n<p>&nbsp;<\/p>\r\n<p>V\u00e9g\u00fcl egy vide\u00f3, a pipacsok k\u00e9sz\u00edt\u00e9s\u00e9r\u0151l.<\/p>\r\n<p>&nbsp;<\/p>\r\n<p>[embed]https:\/\/www.youtube.com\/watch?v=58aX_EBwzr4[\/embed]<\/p>\r\n<p>&nbsp;<\/p>\r\n<p>Aki Londonban j\u00e1r ezekben a napokban semmik\u00e9pp ne hagyja ki!<\/p>\r\n<p>Nagyon sz\u00edvesen lenn\u00e9k \u00f6nk\u00e9ntes vir\u00e1grendezget\u0151 egy hasonl\u00f3 rendezv\u00e9nyen haz\u00e1nkban. Ha valaki tud ilyenr\u0151l, k\u00e9rem sz\u00f3ljon id\u0151ben!<\/p>\r\n<p>Tetszett a cikk? B\u00e1tran oszd meg bar\u00e1taiddal vagy\u00a0l\u00e1jkold a <strong><a title=\"Balkonada Facebook oldal\" href=\"https:\/\/www.facebook.com\/balkonada\" target=\"_blank\">Balkonada Facebook oldalt<\/a>. \u00a0\u00a0<\/strong><\/p>\r\n<p>Szeretn\u00e9l hasznos tan\u00e1csokat kapni, sz\u00e9p k\u00e9peket n\u00e9zegetni a vir\u00e1gokr\u00f3l? Sz\u00edvesen lenn\u00e9l egy vir\u00e1gim\u00e1d\u00f3, lelkes k\u00f6z\u00f6ss\u00e9gtagja? Csatlakozz a<strong> <a title=\"Burj\u00e1nz\u00f3 balkonok Facebook csoport\" href=\"https:\/\/www.facebook.com\/groups\/balkonada\/\" target=\"_blank\">Burj\u00e1nz\u00f3 balkonok \u00e9s kertek Facebook csoportunkhoz<\/a><\/strong>!<\/p>\r\n<p>&nbsp;<\/p>","type":"rich"}