{"version":"1.0","provider_name":"Balkonada","provider_url":"https:\/\/balkonada.cafeblog.hu","author_name":"Jucooo","author_url":"https:\/\/balkonada.cafeblog.hu\/author\/nagyjucoviragutazo-hu\/","title":"Augusztusi teend\u0151k a balkonon","html":"<p>Forr\u00f3s\u00e1g, k\u00e1nikula, nyaral\u00e1s, iskol\u00e1ba k\u00e9sz\u00fcl\u0151d\u00e9s. A csal\u00e1dokban t\u00f6bbnyire err\u0151l sz\u00f3l az augusztus. A <a title=\"J\u00faniusi teend\u0151k a balkonon\" href=\"https:\/\/balkonada.cafeblog.hu\/2014\/06\/02\/juniusi-teendok-a-balkonon\/\" target=\"_blank\" rel=\"noopener\">j\u00faniussal<\/a> \u00e9s a <a title=\"J\u00faliusi teend\u0151k a balkonon\" href=\"https:\/\/balkonada.cafeblog.hu\/2014\/07\/01\/juliusi-teendok-a-balkonon\/\" target=\"_blank\" rel=\"noopener\">j\u00faliussal<\/a> egy\u00fctt a balkonon az \u00e1pol\u00e1s, \u00f6nt\u00f6z\u00e9s \u00e9s az \u00e9lvezet ideje. Az erk\u00e9ly tulajdonosoknak n\u00e9mi fejf\u00e1j\u00e1st, bossz\u00fas\u00e1got okoz, hogy meg kell k\u00fczdeni a h\u0151s\u00e9ggel, a nyaral\u00e1s ideje alatt is gondoskodni kell a n\u00f6v\u00e9nyek v\u00edz ut\u00e1np\u00f3tl\u00e1s\u00e1r\u00f3l. Elj\u00f6tt viszont az <strong>ideje, hogy a j\u00f6v\u0151 \u00e9vre is gondoljunk \u00e9s neki l\u00e1ssunk a n\u00f6v\u00e9nyek szapor\u00edt\u00e1s\u00e1nak.\u00a0<\/strong> \u00a0<\/p>\r\n<p><a href=\"https:\/\/balkonada.cafeblog.hu\/files\/2014\/08\/j\u00falius.jpg\"><img class=\"aligncenter size-large wp-image-2091\" src=\"https:\/\/balkonada.cafeblog.hu\/files\/2014\/08\/j\u00falius-600x337.jpg\" alt=\"j\u00falius\" width=\"600\" height=\"337\" \/><\/a> \u00a0<\/p>\r\n<p>&nbsp;<\/p>\r\n<p>Ny\u00e1ron a\u00a0<a title=\"Mi legyen a balkonn\u00f6v\u00e9nyekkel a nyaral\u00e1s alatt?\" href=\"https:\/\/balkonada.cafeblog.hu\/2014\/08\/01\/mi-legyen-a-balkonnovenyekkel-a-nyaralas-alatt\/\" target=\"_blank\" rel=\"noopener\"><strong>rendszeres v\u00edz \u00e9s t\u00e1panyag ut\u00e1np\u00f3tl\u00e1s<\/strong><\/a>\u00a0jelenti a legnagyobb kih\u00edv\u00e1st a balkonon. Forr\u00f3 ny\u00e1ri\u00a0napokon a v\u00edzig\u00e9nyesebb n\u00f6v\u00e9nyeket, pl. a le\u00e1ndereket \u00a0reggel \u00e9s este is c\u00e9lszer\u0171 locsolni. \u00dcgyelj\u00fcnk arra, hogy a locsol\u00e1sra a\u00a0<strong>h\u0171v\u00f6sebb \u00f3r\u00e1kban<\/strong>\u00a0ker\u00fclj\u00f6n sor, legjobb a kora reggeli \u00f3r\u00e1kra id\u0151z\u00edteni a m\u0171veletet. Aj\u00e1nlatos \u00e1llott,\u00a0<strong>langyos vizet haszn\u00e1lni<\/strong>. \u00a0A t\u00fal hideg v\u00edz sokkot okoz a felmelegedett n\u00f6v\u00e9nyeknek, gy\u00f6kereknek. \u00a0<\/p>\r\n<p><a href=\"https:\/\/balkonada.cafeblog.hu\/files\/2014\/08\/j\u00falius5.jpg\"><img class=\"aligncenter size-large wp-image-2095\" src=\"https:\/\/balkonada.cafeblog.hu\/files\/2014\/08\/j\u00falius5-450x600.jpg\" alt=\"j\u00falius5\" width=\"450\" height=\"600\" \/><\/a><\/p>\r\n<p>A n\u00f6v\u00e9nyek t\u00f6bbs\u00e9ge szereti a sz\u0171rt \u00a0vagy es\u0151vizet, ez\u00e9rt c\u00e9lszer\u0171 gy\u0171jteni vagy kann\u00e1ban \u00fclepedni hagyni. Az \u00f6nt\u00f6z\u00e9sn\u00e9l fontos a m\u00e9rt\u00e9kletess\u00e9g.\u00a0Ker\u00fclj\u00fck a pang\u00f3 vizet, mert az a gy\u00f6kerek rothad\u00e1s\u00e1t id\u00e9zheti el\u0151. A legkedveltebb balkonn\u00f6v\u00e9nyek, a musk\u00e1tli \u00e9s a pet\u00fania is k\u00fcl\u00f6n\u00f6sen \u00e9rz\u00e9keny a cser\u00e9pben \u00e1ll\u00f3 v\u00edzre. A\u00a0<strong>pet\u00fania v\u00edzell\u00e1t\u00e1s\u00e1t egy nagyobb, v\u00edzzel teli ed\u00e9nybe \u00e1ll\u00edtva felsz\u00edvat\u00e1ssal c\u00e9lszer\u0171 biztos\u00edtani.<\/strong> \u00a0<\/p>\r\n<p><a href=\"https:\/\/balkonada.cafeblog.hu\/files\/2014\/08\/j\u00falius6.jpg\"><img class=\"aligncenter size-large wp-image-2096\" src=\"https:\/\/balkonada.cafeblog.hu\/files\/2014\/08\/j\u00falius6-600x450.jpg\" alt=\"j\u00falius6\" width=\"600\" height=\"450\" \/><\/a> \u00a0<\/p>\r\n<p>Az el\u0151\u00edr\u00e1s szerinti t\u00e1panyag ut\u00e1np\u00f3tl\u00e1st tov\u00e1bbra is megh\u00e1l\u00e1lj\u00e1k a n\u00f6v\u00e9nyek. A k\u00e9szen kaphat\u00f3 t\u00e1poldatok, rudak mellett<strong>\u00a0kit\u0171n\u0151en haszn\u00e1lhat\u00f3 pl. a k\u00e1v\u00e9zacc \u00e9s a teaf\u0171 is.\u00a0<\/strong>Az <strong>\u00e1tteleltetend\u0151 n\u00f6v\u00e9nyekn\u00e9l<\/strong>, mint pl. a leander, bougainvillea (m\u00e1lyvaf\u00fcrt) viszont m\u00e1r <strong>augusztus k\u00f6zep\u00e9n abba kell hagyni a t\u00e1poldatoz\u00e1st.<\/strong> \u00a0<\/p>\r\n<p>&nbsp;<\/p>\r\n<p><a href=\"https:\/\/balkonada.cafeblog.hu\/files\/2014\/08\/j\u00falius10.jpg\"><img class=\"aligncenter size-large wp-image-2100\" src=\"https:\/\/balkonada.cafeblog.hu\/files\/2014\/08\/j\u00falius10-600x480.jpg\" alt=\"j\u00falius10\" width=\"600\" height=\"480\" \/><\/a> \u00a0<\/p>\r\n<p>A n\u00f6v\u00e9nyek n\u00f6veked\u00e9s\u00e9vel sz\u00fcks\u00e9g lehet t\u00e1maszt\u00e9kra. A magasra ny\u00falt, <strong>gyenge \u00e1g\u00fa vir\u00e1gok mell\u00e9 helyezz\u00fcnk tart\u00f3 kar\u00f3<\/strong>t. A k\u00fasz\u00f3n\u00f6v\u00e9nyek hajt\u00e1sait vezess\u00fck \u00e1t a t\u00e1maszt\u00e9kon. \u00a0<\/p>\r\n<p>Az<strong> elny\u00edlott vir\u00e1gok maradv\u00e1nyait rendszeresen t\u00e1vol\u00edtsuk el<\/strong> \u00e9s ellen\u0151rizz\u00fck, hogy nem jelentek-e meg k\u00e1rtev\u0151k a n\u00f6v\u00e9nyen. A\u00a0<strong>k\u00e1rtev\u0151ket azonnal t\u00e1vol\u00edtsuk el<\/strong>, \u00e9s szepar\u00e1ljuk el a fert\u0151z\u00f6tt n\u00f6v\u00e9nyt a t\u00f6bbit\u0151l, miel\u0151tt azokra is \u00e1tterjedne. A k\u00fcl\u00f6nb\u00f6z\u0151 k\u00e1rtev\u0151kre k\u00fcl\u00f6nb\u00f6z\u0151 fajta szerek l\u00e9teznek, legjobb ha kik\u00e9rj\u00fck szakember tan\u00e1cs\u00e1t, mert a nem megfelel\u0151en alkalmazott szer hat\u00e1s\u00e1ra nemcsak, hogy nem \u00a0t\u0171nnek el az \u00e9l\u0151sk\u00f6d\u0151k, de a n\u00f6v\u00e9ny is k\u00e1rosodhat. \u00a0<\/p>\r\n<p>&nbsp;<\/p>\r\n<p><a href=\"https:\/\/balkonada.cafeblog.hu\/files\/2014\/08\/j\u00falius4.jpg\"><img class=\"aligncenter size-large wp-image-2094\" src=\"https:\/\/balkonada.cafeblog.hu\/files\/2014\/08\/j\u00falius4-600x450.jpg\" alt=\"j\u00falius4\" width=\"600\" height=\"450\" \/><\/a> \u00a0<\/p>\r\n<p>&nbsp;<\/p>\r\n<p>Nem feledkezhet\u00fcnk meg az <strong>\u00e1rny\u00e9kol\u00e1sr\u00f3l<\/strong> sem. A\u00a0t\u0171z\u0151nap\u00a0ellen\u00a0k\u00fasz\u00f3n\u00f6v\u00e9nyekb\u0151l kialak\u00edtott lugassal, nagyobb d\u00e9zs\u00e1s n\u00f6v\u00e9nyekkel, \u00e1rny\u00e9kol\u00f3 text\u00edli\u00e1kkal, naperny\u0151kkel, \u00a0f\u00fcgg\u00f6ny\u00f6kkel vagy gy\u00e9k\u00e9ny rol\u00f3kkal v\u00e9dekezhet\u00fcnk. <a title=\"7+1 balkon h\u0171s\u00edt\u0151 tr\u00fckk\" href=\"https:\/\/balkonada.cafeblog.hu\/2014\/07\/19\/61-balkon-husito-trukk\/\" target=\"_blank\" rel=\"noopener\">Balkon h\u0171s\u00edt\u0151 tr\u00fckkjeimr\u0151l<\/a> m\u00e1r el\u0151z\u0151leg r\u00e9szletesen \u00edrtam, tov\u00e1bbi hasznos tan\u00e1csok\u00e9rt \u00e9rdemes \u00fajra elolvasni. \u00a0<\/p>\r\n<p>&nbsp;<\/p>\r\n[caption id=\"attachment_1797\" align=\"aligncenter\" width=\"400\"]<a href=\"https:\/\/balkonada.cafeblog.hu\/2014\/07\/13\/legyen-olyan-az-erkelyed-mint-hajos-andrase\/\"><img class=\"wp-image-1797 size-large\" src=\"https:\/\/balkonada.cafeblog.hu\/files\/2014\/07\/balkon15-400x600.jpg\" alt=\"balkon\" width=\"400\" height=\"600\" \/><\/a> Haj\u00f3s Andr\u00e1s csod\u00e1latos balkonja[\/caption]\r\n<p>\u00a0 A gyerk\u0151c\u00f6k az \u00f6nfeledt j\u00e1t\u00e9k k\u00f6zben hajlamosak elfelejtkezni a balkon ezer vesz\u00e9ly\u00e9r\u0151l. <a title=\"\u00cdgy hozz l\u00e9tre gyermekbar\u00e1t balkont!\" href=\"https:\/\/balkonada.cafeblog.hu\/2014\/07\/08\/igy-hozz-letre-gyermekbarat-balkont\/\" target=\"_blank\" rel=\"noopener\">Gyermekbar\u00e1t balkon l\u00e9trehoz\u00e1s\u00e1val<\/a> cs\u00f6kkenthet\u0151 ugyan a balesetek kock\u00e1zata, de legjobb, ha\u00a0<strong>sosem hagyjuk egyed\u00fcl a gyerekeket a balkonon.<\/strong> \u00a0<\/p>\r\n<p>Augusztus a legjobb id\u0151szak a <strong>n\u00f6v\u00e9nyeink szapor\u00edt\u00e1s\u00e1ra, megfiatal\u00edt\u00e1s\u00e1ra<\/strong>. Az ilyenkor gy\u00f6kereztetett dugv\u00e1nyoknak m\u00e9g van idej\u00fck meger\u0151s\u00f6dni a fagyokig, hogy azt\u00e1n m\u00e1r kora tavasszal a saj\u00e1t magunk \u00e1ltal k\u00e9sz\u00edtett kis n\u00f6v\u00e9nyekkel ind\u00edthassuk a balkonszezont. Egyes n\u00f6v\u00e9nyeket, mint pl. a musk\u00e1tlit, nem t\u00fal egyszer\u0171 \u00e1tteleltetni. A friss, er\u0151teljes dugv\u00e1nyok gy\u00f6kereztet\u00e9s\u00e9vel nagyobb sikerre sz\u00e1m\u00edthatunk, mint ha a teljes n\u00f6v\u00e9nyt k\u00edv\u00e1nn\u00e1nk\u00a0\u00fajra vir\u00e1gpomp\u00e1ban l\u00e1tni. \u00a0<\/p>\r\n<p>&nbsp;<\/p>\r\n<p><a href=\"https:\/\/balkonada.cafeblog.hu\/files\/2014\/08\/j\u00falius8.jpg\"><img class=\"aligncenter size-large wp-image-2098\" src=\"https:\/\/balkonada.cafeblog.hu\/files\/2014\/08\/j\u00falius8-600x450.jpg\" alt=\"j\u00falius8\" width=\"600\" height=\"450\" \/><\/a> \u00a0<\/p>\r\n<p>Az <strong>eg\u00e9szs\u00e9ges musk\u00e1tlir\u00f3l \u00e9les k\u00e9ssel v\u00e1gjunk le er\u0151s, 12-20 cm hossz\u00fa dugv\u00e1nyokat,<\/strong> \u00fagy, hogy az als\u00f3 sz\u00e1rcsom\u00f3 alatt hagyjunk m\u00e9g 0,5-1 cm sz\u00e1rat. A <strong>bimb\u00f3kat, az als\u00f3 leveleket szedj\u00fck le<\/strong>, mert ezek sok energi\u00e1t elvonn\u00e1nak a n\u00f6v\u00e9nyt\u0151l. V\u00e1rjunk egy kicsit, m\u00edg a sz\u00e1r megszikkad, majd j\u00f3 min\u0151s\u00e9g\u0171 t\u00e1ptalajba <strong>3-4 cm m\u00e9lyre dugjuk le<\/strong>. <strong>\u00c1rny\u00e9kos helyre helyezve, rendszeresen \u00f6nt\u00f6zve<\/strong> \u0151szig sz\u00e9p gy\u00f6keret n\u00f6vesztenek. A fagyok el\u0151tt nem t\u00fal vil\u00e1gos \u00e9s viszonylag h\u0171v\u00f6s helyre, pl. folyos\u00f3ra, el\u0151szob\u00e1ba helyezz\u00fck el a n\u00f6v\u00e9nyeket. A teleltet\u00e9s alatt csak m\u00e9rs\u00e9kelten locsoljuk. A <strong>t\u00e1poldatoz\u00e1st febru\u00e1rban m\u00e1r meg lehet kezdeni<\/strong>. \u00a0Tavasszal ezek a kis n\u00f6v\u00e9nyek hamarabb er\u0151re kapnak \u00e9s vir\u00e1gba borulnak, mint a r\u00e9gi t\u00f6vek. \u00a0<\/p>\r\n<p>&nbsp;<\/p>\r\n<p><a href=\"https:\/\/balkonada.cafeblog.hu\/files\/2014\/08\/j\u00falius9.jpg\"><img class=\"aligncenter size-large wp-image-2099\" src=\"https:\/\/balkonada.cafeblog.hu\/files\/2014\/08\/j\u00falius9-450x600.jpg\" alt=\"j\u00falius9\" width=\"450\" height=\"600\" \/><\/a> \u00a0<\/p>\r\n<p>B\u00e1r a leander teleltet\u00e9se viszonylag egyszer\u0171 \u00e9s nem okoz probl\u00e9m\u00e1t, id\u0151nk\u00e9nt nem \u00e1rt fiatal\u00edtani, \u00faj n\u00f6v\u00e9nyeket l\u00e9trehozni. A <strong>le\u00e1nder szapor\u00edt\u00e1s\u00e1nak legegyszer\u0171bb m\u00f3dja a v\u00edzben gy\u00f6kereztet\u00e9s.<\/strong> Az eg\u00e9szs\u00e9ges hajt\u00e1sokat \u00fagy helyezz\u00fck a v\u00edzzel telt \u00fcvegbe, hogy 3-5 cm-nyi r\u00e9sz a v\u00edz alatt legyen. Az els\u0151 gy\u00f6kerek megjelen\u00e9se ut\u00e1n azt\u00e1n be is cserepezhetj\u00fck. \u00a0<\/p>\r\n<p>&nbsp;<\/p>\r\n<p><a href=\"https:\/\/balkonada.cafeblog.hu\/files\/2014\/08\/j\u00falius2.jpg\"><img class=\"aligncenter size-large wp-image-2092\" src=\"https:\/\/balkonada.cafeblog.hu\/files\/2014\/08\/j\u00falius2-337x600.jpg\" alt=\"j\u00falius2\" width=\"337\" height=\"600\" \/><\/a> \u00a0<\/p>\r\n<p>Sz\u00edvesen v\u00e1laszolok balkonn\u00f6v\u00e9nyekkel kapcsolatos k\u00e9rd\u00e9sekre. Megk\u00f6sz\u00f6n\u00f6m, ha tetsz\u00e9sedet a tetszik \u00e9s a megoszt\u00e1s gombok megnyom\u00e1s\u00e1val is kifejezed, ami sok b\u00e1tor\u00edt\u00e1st ad nekem a folytat\u00e1shoz.<\/p>\r\n<p>\u00a0 \u00a0<a href=\"https:\/\/balkonada.cafeblog.hu\/files\/2014\/08\/j\u00falius7.jpg\"><img class=\"aligncenter size-large wp-image-2097\" src=\"https:\/\/balkonada.cafeblog.hu\/files\/2014\/08\/j\u00falius7-600x469.jpg\" alt=\"j\u00falius7\" width=\"600\" height=\"469\" \/><\/a> \u00a0 Ne feledd, szeptember 19-21 \u00a0k\u00f6z\u00f6tt\u00a0<a style=\"color: #1375d7\" title=\"J\u00f6n a 20. jubileumi Hortus Hungaricus!\" href=\"https:\/\/balkonada.cafeblog.hu\/2014\/07\/28\/var-a-20-jubileumi-hortus-hungaricus\/\" target=\"_blank\" rel=\"noopener\">Hortus Hugaricus<\/a>\u00a0vir\u00e1gki\u00e1ll\u00edt\u00e1s, ahova nemcsak \u00fajabb \u00f6tletek\u00e9rt \u00e9rdemes kil\u00e1togatni. A hatalmas d\u00edszn\u00f6v\u00e9ny \u00e9s kell\u00e9k v\u00e1laszt\u00e9kb\u00f3l garant\u00e1ltan Te is tal\u00e1lsz valamit, amit egyszer\u0171en nem tudsz ott hagyni. A k\u00e9pet t\u00f6bbs\u00e9ge a Burj\u00e1nz\u00f3 balkonok Facebook csoportb\u00f3l sz\u00e1rmazik. Gratul\u00e1lok a szorgos balkon tulajdonosoknak \u00e9s tov\u00e1bbi sok \u00f6r\u00f6met k\u00edv\u00e1nok a balkonkert\u00e9szked\u00e9shez! \u00a0 <a href=\"https:\/\/balkonada.cafeblog.hu\/files\/2014\/08\/j\u00falius4.jpg\"><img class=\"aligncenter size-large wp-image-2094\" src=\"https:\/\/balkonada.cafeblog.hu\/files\/2014\/08\/j\u00falius4-600x450.jpg\" alt=\"j\u00falius4\" width=\"600\" height=\"450\" \/><\/a>\u00a0 \u00a0<\/p>","type":"rich","thumbnail_url":"https:\/\/balkonada.cafeblog.hu\/files\/2014\/08\/j\u00falius10-150x150.jpg","thumbnail_width":150,"thumbnail_height":150}