{"version":"1.0","provider_name":"Balkonada","provider_url":"https:\/\/balkonada.cafeblog.hu","author_name":"Nagy Juc\u00f3","author_url":"https:\/\/balkonada.cafeblog.hu\/author\/nagyjucokagmail-com\/","title":"Tavaszt a lak\u00e1sba, a balkonra is!","html":"<p><strong>A csillag\u00e1szati tavasz kezdete m\u00e1rcius 21, \u00a0de sokan m\u00e1r az eg\u00e9sz m\u00e1rciust tavaszi h\u00f3napnak tekintik, hisz a meteorol\u00f3giai tavasz m\u00e1rcius 1.-j\u00e9n kezd\u0151dik. Egy biztos, m\u00e1r nagyon \u00e9ledezik a term\u00e9szet. Az els\u0151 apr\u00f3 h\u00edrn\u00f6k\u00f6k, a <a title=\"Mit jelent a h\u00f3vir\u00e1g v\u00e9detts\u00e9ge?\" href=\"https:\/\/balkonada.hu\/hovirag-a-vedett-tavaszkoszonto-szepseg\/\" target=\"_blank\" rel=\"noopener\">h\u00f3vir\u00e1g<\/a>, a t\u00e9ltemet\u0151, a <a title=\"Kr\u00f3kusz gondoz\u00e1sa\" href=\"https:\/\/balkonada.hu\/krokusz-safrany\/\" target=\"_blank\" rel=\"noopener\">kr\u00f3kuszok<\/a> \u00e9s a <a title=\"Kankalin gondoz\u00e1sa\" href=\"https:\/\/balkonada.hu\/kankalin-primula-gondozasa\/\" target=\"_blank\" rel=\"noopener\">kankalin<\/a>\u00a0m\u00e1r megjelentek az erd\u0151kben, kis kertekben. A madarak csicserg\u00e9se is egyre vid\u00e1mabb. A vir\u00e1gboltok, kert\u00e9szeti \u00e1ruh\u00e1zak is sz\u00ednes vir\u00e1gpomp\u00e1val csalogatnak.<\/strong><\/p>\r\n<p>&nbsp;<\/p>\r\n[caption id=\"attachment_595\" align=\"aligncenter\" width=\"600\"]<a href=\"https:\/\/www.facebook.com\/Viragutazo\" target=\"_blank\" rel=\"noopener\"><img class=\"size-large wp-image-595  \" src=\"https:\/\/balkonada.cafeblog.hu\/files\/2014\/02\/K\u00f6v\u00e9r_083-600x450.jpg\" alt=\"K\u00f6v\u00e9r_083\" width=\"600\" height=\"450\" \/><\/a> Vir\u00e1gutaz\u00f3[\/caption]\r\n<p>Sz\u00fcks\u00e9ge is van a lelk\u00fcnknek ezekre az apr\u00f3 jelekre. T\u00fal sok id\u0151t nem tudunk a szabadban t\u00f6lteni, hogy felfedezz\u00fck a cs\u00f6ppnyi csod\u00e1kat. Azt mondom, ne el\u00e9gedj meg a r\u00f6pke pillanatokkal, a kinti l\u00e1tv\u00e1nnyal. Csemp\u00e9szd be a<a title=\"10 ok, ami\u00e9rt vir\u00e1gboltban \u00e9rdemes vir\u00e1got v\u00e1s\u00e1rolnod\" href=\"https:\/\/balkonada.cafeblog.hu\/2014\/02\/19\/10-ok-amiert-viragboltban-erdemes-viragot-vasarolnod\/\" target=\"_blank\" rel=\"noopener\"> vir\u00e1gokat a lak\u00e1sba \u00e9s a teraszra<\/a> is. Mutatok p\u00e1r p\u00e9ld\u00e1t, mire is gondolok.<\/p>\r\n<p>&nbsp;<\/p>\r\n[caption id=\"attachment_575\" align=\"aligncenter\" width=\"600\"]<a href=\"http:\/\/www.viragutazo.blogspot.hu\/\" target=\"_blank\" rel=\"noopener\"><img class=\"size-large wp-image-575 \" src=\"https:\/\/balkonada.cafeblog.hu\/files\/2014\/02\/K\u00f6v\u00e9r_007-600x450.jpg\" alt=\"K\u00f6v\u00e9r_007\" width=\"600\" height=\"450\" \/><\/a> Vir\u00e1gutaz\u00f3[\/caption]\r\n<p>Hagym\u00e1s n\u00f6v\u00e9nyekkel be\u00fcltetett kos\u00e1r vagy cser\u00e9p is nagyon j\u00f3 hangulatot \u00e9s nem mell\u00e9kesen illatot \u00e1raszt. Ha saj\u00e1t magad k\u00e9sz\u00edtesz egy hasonl\u00f3 be\u00fcltet\u00e9st, amin\u00e9l a felesleges v\u00edz nem tud elfolyni, akkor mindenk\u00e9pp tegy\u00e9l alulra egy v\u00edzelvezet\u0151 r\u00e9teget (dr\u00e9nr\u00e9teg). Ez lehet a vir\u00e1gboltokban, kert\u00e9szetekben kaphat\u00f3 agyaggranul\u00e1tum vagy ak\u00e1r \u00f6sszet\u00f6rt cser\u00e9p darabk\u00e1i is megfelelnek a c\u00e9lnak. Ezek az \u00f6nt\u00f6z\u00e9sn\u00e9l felfogj\u00e1k a lappang\u00f3 vizet, \u00edgy nem rothadnak el a hagym\u00e1k.<\/p>\r\n<p>&nbsp;<\/p>\r\n[caption id=\"attachment_577\" align=\"aligncenter\" width=\"600\"]<a href=\"https:\/\/www.facebook.com\/florissimo.virag?fref=ts\" target=\"_blank\" rel=\"noopener\"><img class=\"size-large wp-image-577  \" src=\"https:\/\/balkonada.cafeblog.hu\/files\/2014\/02\/florissimo-600x450.jpg\" alt=\"florissimo\" width=\"600\" height=\"450\" \/><\/a> Florissimo Creative, F\u00f3t[\/caption]\r\n<p>Felemel\u0151 n\u00e9zni, amint a hagym\u00e1s n\u00f6v\u00e9nyek bimb\u00f3ja napr\u00f3l napra n\u00f6vekszik \u00e9s az apr\u00f3cska bimb\u00f3b\u00f3l napok alatt csod\u00e1latos sz\u00edn\u0171, form\u00e1j\u00fa \u00e9s gyakran elk\u00e9peszt\u0151 illat\u00fa n\u00f6v\u00e9ny v\u00e1lik.<\/p>\r\n<p>&nbsp;<\/p>\r\n[caption id=\"attachment_578\" align=\"aligncenter\" width=\"600\"]<a href=\"https:\/\/www.facebook.com\/florissimo.virag?fref=ts\" target=\"_blank\" rel=\"noopener\"><img class=\"size-large wp-image-578  \" src=\"https:\/\/balkonada.cafeblog.hu\/files\/2014\/02\/florissimo2-600x450.jpg\" alt=\"florissimo2\" width=\"600\" height=\"450\" \/><\/a> Florissimo Creative, F\u00f3t[\/caption]\r\n<p>Nem felt\u00e9tlen\u00fcl kell nagy dolgokra gondolni egy-egy sz\u00e1l, \u00edzl\u00e9sesen elhelyezett vir\u00e1ggal is fantasztikus hat\u00e1s \u00e9rhet\u0151 el. Egy ilyen fogadtat\u00e1snak minden vend\u00e9g \u00f6r\u00fcl.<\/p>\r\n<p>&nbsp;<\/p>\r\n[caption id=\"attachment_579\" align=\"aligncenter\" width=\"337\"]<a href=\"https:\/\/www.facebook.com\/CzeroczkiDiszfaiskola?fref=ts\" target=\"_blank\" rel=\"noopener\"><img class=\"size-large wp-image-579  \" src=\"https:\/\/balkonada.cafeblog.hu\/files\/2014\/02\/czeroczki-337x600.jpg\" alt=\"czeroczki\" width=\"337\" height=\"600\" \/><\/a> Czer\u00f3\u00f3czki D\u00edszfaiskola[\/caption]\r\n<p>Az arany\u00e1gr\u00f3l, jap\u00e1nbirsr\u0151l lev\u00e1gott r\u00fcgyez\u0151 \u00e1gak p\u00e1r nap alatt kiny\u00edlnak a meleg szob\u00e1ban. Akinek van kertje, annak tudom aj\u00e1nlani pl. a metsz\u00e9skor lev\u00e1gott \u00e1gakat is. Pl. az alma, a barackfa \u00e1gak is igen hamar bimb\u00f3ba borulnak a meleg lak\u00e1sban.<\/p>\r\n<p>&nbsp;<\/p>\r\n[caption id=\"attachment_580\" align=\"aligncenter\" width=\"600\"]<a href=\"https:\/\/www.facebook.com\/CzeroczkiDiszfaiskola?fref=ts\" target=\"_blank\" rel=\"noopener\"><img class=\"size-large wp-image-580  \" src=\"https:\/\/balkonada.cafeblog.hu\/files\/2014\/02\/czeroczki2-600x450.jpg\" alt=\"czeroczki2\" width=\"600\" height=\"450\" \/><\/a> Czer\u00f3czki D\u00edszfaiskola[\/caption]\r\n<p>F\u00e1radtan, munk\u00e1b\u00f3l hazat\u00e9rve milyen j\u00f3 \u00e9rz\u00e9s, ha egy vid\u00e1m d\u00edsz fogad az ajt\u00f3don.<\/p>\r\n<p>&nbsp;<\/p>\r\n[caption id=\"attachment_581\" align=\"aligncenter\" width=\"450\"]<a href=\"https:\/\/www.facebook.com\/MimozaViragbolt?fref=ts\" target=\"_blank\" rel=\"noopener\"><img class=\"size-large wp-image-581  \" src=\"https:\/\/balkonada.cafeblog.hu\/files\/2014\/02\/mim\u00f3-450x600.jpg\" alt=\"mim\u00f3\" width=\"450\" height=\"600\" \/><\/a> Mim\u00f3za vir\u00e1gbolt, Budapest[\/caption]\r\n<p>A term\u00e9szet \u00e9led\u00e9s\u00e9t j\u00f3l szimboliz\u00e1lhatja a z\u00f6ld k\u00fcl\u00f6nb\u00f6z\u0151 \u00e1rnyalatainak v\u00e1ltakoz\u00e1sa, j\u00e1t\u00e9ka.<\/p>\r\n<p>&nbsp;<\/p>\r\n[caption id=\"attachment_582\" align=\"aligncenter\" width=\"600\"]<a href=\"https:\/\/www.facebook.com\/MimozaViragbolt?fref=ts\" target=\"_blank\" rel=\"noopener\"><img class=\"size-large wp-image-582  \" src=\"https:\/\/balkonada.cafeblog.hu\/files\/2014\/02\/mim\u00f3za2-600x450.jpg\" alt=\"mim\u00f3za2\" width=\"600\" height=\"450\" \/><\/a> Mim\u00f3za vir\u00e1gbolt, Budapest[\/caption]\r\n<p>Az \u00f6r\u00f6kz\u00f6ldekb\u0151l k\u00e9sz\u00edtett ajt\u00f3d\u00edsz a term\u00e9szetkedvel\u0151knek szinte k\u00f6telez\u0151.<\/p>\r\n<p>&nbsp;<\/p>\r\n[caption id=\"attachment_584\" align=\"aligncenter\" width=\"400\"]<a href=\"https:\/\/www.facebook.com\/gardeniapecs\" target=\"_blank\" rel=\"noopener\"><img class=\"size-large wp-image-584 \" src=\"https:\/\/balkonada.cafeblog.hu\/files\/2014\/02\/papp-andi4-400x600.jpg\" alt=\"papp andi4\" width=\"400\" height=\"600\" \/><\/a> Gard\u00e9nia Vir\u00e1g, P\u00e9cs[\/caption]\r\n<p>A vid\u00e1m, tavaszi hangulatot fokozhatjuk apr\u00f3 pillang\u00f3kkal, gy\u00f6ngy\u00f6kkel.<\/p>\r\n<p>&nbsp;<\/p>\r\n[caption id=\"attachment_585\" align=\"aligncenter\" width=\"524\"]<a href=\"https:\/\/www.facebook.com\/gardeniapecs\" target=\"_blank\" rel=\"noopener\"><img class=\"size-large wp-image-585 \" src=\"https:\/\/balkonada.cafeblog.hu\/files\/2014\/02\/papp-andi2-524x600.jpg\" alt=\"papp andi2\" width=\"524\" height=\"600\" \/><\/a> Gard\u00e9nia Vir\u00e1g, P\u00e9cs[\/caption]\r\n<p>A naps\u00fct\u00e9sre eml\u00e9keztet\u0151 s\u00e1rga sz\u00ednt nagyon j\u00f3l kieg\u00e9sz\u00edti a fokf\u00f6ldi ibolya \u00fcde k\u00e9kje.<\/p>\r\n<p>&nbsp;<\/p>\r\n[caption id=\"attachment_586\" align=\"aligncenter\" width=\"600\"]<a href=\"https:\/\/www.facebook.com\/viragzug.viragbolt\" target=\"_blank\" rel=\"noopener\"><img class=\"size-large wp-image-586  \" src=\"https:\/\/balkonada.cafeblog.hu\/files\/2014\/02\/vir\u00e1gzug-600x450.jpg\" alt=\"vir\u00e1gzug\" width=\"600\" height=\"450\" \/><\/a> Vir\u00e1gzug vir\u00e1gbolt, Ny\u00e1r\u00e1dszereda[\/caption]\r\n<p>Tavasszal a vir\u00e1g kompoz\u00edci\u00f3k egyik elmaradhatatlan kell\u00e9ke az \u00edrisz.<\/p>\r\n<p>&nbsp;<\/p>\r\n[caption id=\"attachment_587\" align=\"aligncenter\" width=\"413\"]<a href=\"https:\/\/www.facebook.com\/viragzug.viragbolt\" target=\"_blank\" rel=\"noopener\"><img class=\"size-large wp-image-587    \" src=\"https:\/\/balkonada.cafeblog.hu\/files\/2014\/02\/vir\u00e1gzug2-413x600.jpg\" alt=\"vir\u00e1gzug2\" width=\"413\" height=\"600\" \/><\/a> Vir\u00e1gzug vir\u00e1gbolt, Ny\u00e1r\u00e1dszereda[\/caption]\r\n<p>Nem v\u00e9letlen\u00fcl \u00e1llap\u00edtott\u00e1k meg angol tud\u00f3sok, hogy a <a title=\"Melyik szakm\u00e1kban legboldogabbak az emberek?\" href=\"http:\/\/viragutazo.blogspot.hu\/2013\/02\/elso-boldogsag-jo-esz-melyik-szakmaban.html\" target=\"_blank\" rel=\"noopener\">kert\u00e9sz \u00e9s vir\u00e1gk\u00f6t\u0151 szakm\u00e1kban<\/a> a legboldogabbak az emberek.<\/p>\r\n<p>&nbsp;<\/p>\r\n[caption id=\"attachment_588\" align=\"aligncenter\" width=\"600\"]<a href=\"https:\/\/www.facebook.com\/pataki.kerteszet?fref=ts\" target=\"_blank\" rel=\"noopener\"><img class=\"size-large wp-image-588  \" src=\"https:\/\/balkonada.cafeblog.hu\/files\/2014\/02\/pataki-600x399.jpg\" alt=\"pataki\" width=\"600\" height=\"399\" \/><\/a> Pataki Kert\u00e9szet[\/caption]\r\n<p>Ilyen k\u00f6rnyezetben a <a title=\"Ne adj es\u00e9lyt a depresszi\u00f3nak! \u2013 Legyen \u00e9let a balkonodon t\u00e9len is!\" href=\"https:\/\/balkonada.cafeblog.hu\/2014\/02\/06\/ne-adj-eselyt-a-depresszionak-legyen-elet-a-balkonodon-telen-is\/\" target=\"_blank\" rel=\"noopener\">depresszi\u00f3 <\/a>kiz\u00e1rva!<\/p>\r\n<p>&nbsp;<\/p>\r\n[caption id=\"attachment_589\" align=\"aligncenter\" width=\"600\"]<a href=\"https:\/\/www.facebook.com\/Oazis.Kerteszet?fref=ts\" target=\"_blank\" rel=\"noopener\"><img class=\"size-large wp-image-589  \" src=\"https:\/\/balkonada.cafeblog.hu\/files\/2014\/02\/pataki2-600x399.jpg\" alt=\"pataki2\" width=\"600\" height=\"399\" \/><\/a> O\u00e1zis Kert\u00e9szet, Tatab\u00e1nya[\/caption]\r\n<p>Fontos alkalmak elmaradhatatlan kell\u00e9ke a vir\u00e1g.<\/p>\r\n<p>&nbsp;<\/p>\r\n[caption id=\"attachment_599\" align=\"aligncenter\" width=\"600\"]<a href=\"https:\/\/www.facebook.com\/FioriartCreations\" target=\"_blank\" rel=\"noopener\"><img class=\"size-large wp-image-599 \" src=\"https:\/\/balkonada.cafeblog.hu\/files\/2014\/02\/ria-600x450.jpg\" alt=\"ria\" width=\"600\" height=\"450\" \/><\/a> FioRiart Creations[\/caption]\r\n<p>A sz\u00ednes vir\u00e1gok j\u00f3l kiemelik a k\u00fcl\u00f6nleges form\u00e1kat is.<\/p>\r\n<p>&nbsp;<\/p>\r\n[caption id=\"attachment_600\" align=\"aligncenter\" width=\"450\"]<a href=\"https:\/\/www.facebook.com\/FioriartCreations\" target=\"_blank\" rel=\"noopener\"><img class=\"size-large wp-image-600 \" src=\"https:\/\/balkonada.cafeblog.hu\/files\/2014\/02\/ria2-450x600.jpg\" alt=\"ria2\" width=\"450\" height=\"600\" \/><\/a> FioRiart Creations[\/caption]\r\n<p>A vir\u00e1gboltokban n\u00f6v\u00e9nyeken k\u00edv\u00fcl egy\u00e9b kieg\u00e9sz\u00edt\u0151ket is tal\u00e1lsz, amik j\u00f3l j\u00f6hetnek a tavaszi hangulat kialak\u00edt\u00e1s\u00e1hoz .<\/p>\r\n<p>&nbsp;<\/p>\r\n[caption id=\"attachment_596\" align=\"aligncenter\" width=\"600\"]<a href=\"https:\/\/www.facebook.com\/pages\/Bodza-vir%C3%A1g%C3%BCzlet\/343899872301478?fref=ts\" target=\"_blank\" rel=\"noopener\"><img class=\"size-large wp-image-596  \" src=\"https:\/\/balkonada.cafeblog.hu\/files\/2014\/02\/lantos-600x450.jpg\" alt=\"lantos\" width=\"600\" height=\"450\" \/><\/a> Bodza Vir\u00e1g\u00fczlet, Tapolca[\/caption]\r\n<p>A vir\u00e1gok sz\u00ednkavalk\u00e1dj\u00e1t azonban szerintem semmi sem tudja p\u00f3tolni.<\/p>\r\n<p>&nbsp;<\/p>\r\n[caption id=\"attachment_597\" align=\"aligncenter\" width=\"450\"]<a href=\"https:\/\/www.facebook.com\/pages\/Bodza-vir%C3%A1g%C3%BCzlet\/343899872301478?fref=ts\" target=\"_blank\" rel=\"noopener\"><img class=\"size-large wp-image-597  \" src=\"https:\/\/balkonada.cafeblog.hu\/files\/2014\/02\/Lantos2-450x600.jpg\" alt=\"Lantos2\" width=\"450\" height=\"600\" \/><\/a> Bodza Vir\u00e1g\u00fczlet, Tapolca[\/caption]\r\n<p>A\u00a0<strong>k\u00e9pekre kattintva eljutsz a bejegyz\u00e9shez k\u00e9peket szolg\u00e1ltat\u00f3 vir\u00e1g\u00fczletek, kert\u00e9szetek saj\u00e1t Facebook vagy weboldal\u00e1ra<\/strong>, ahol tov\u00e1bbi sz\u00e9ps\u00e9geket tal\u00e1lsz \u00e9s ak\u00e1r meg is rendelhetsz n\u00e1luk valami egyedit, valami k\u00fcl\u00f6nlegeset. Ak\u00e1r balkonn\u00f6v\u00e9nyeket, amiket azt\u00e1n h\u00f3napokig csod\u00e1lhatsz.<\/p>","type":"rich","thumbnail_url":"https:\/\/balkonada.cafeblog.hu\/files\/2014\/02\/K\u00f6v\u00e9r_007-150x150.jpg","thumbnail_width":150,"thumbnail_height":150}